{"id":6575,"date":"2025-10-14T11:45:42","date_gmt":"2025-10-14T09:45:42","guid":{"rendered":"https:\/\/lucia-rapetti.pro\/?page_id=6575"},"modified":"2025-10-14T15:08:19","modified_gmt":"2025-10-14T13:08:19","slug":"fornitore-professionale-di-cosmetici","status":"publish","type":"page","link":"https:\/\/lucia-rapetti.pro\/it\/fornitore-professionale-di-cosmetici\/","title":{"rendered":"Fornitore professionale di cosmetici"},"content":{"rendered":"\t\t<div data-elementor-type=\"wp-page\" data-elementor-id=\"6575\" class=\"elementor elementor-6575\" data-elementor-post-type=\"page\">\n\t\t\t\t<div class=\"elementor-element elementor-element-4b0b9ba e-flex e-con-boxed e-con e-parent\" data-id=\"4b0b9ba\" data-element_type=\"container\" data-e-type=\"container\" data-settings=\"{&quot;background_background&quot;:&quot;classic&quot;}\">\n\t\t\t\t\t<div class=\"e-con-inner\">\n\t\t\t\t<div class=\"elementor-element elementor-element-7ebca42 elementor-widget elementor-widget-heading\" data-id=\"7ebca42\" data-element_type=\"widget\" data-e-type=\"widget\" data-widget_type=\"heading.default\">\n\t\t\t\t<div class=\"elementor-widget-container\">\n\t\t\t\t\t<h1 class=\"elementor-heading-title elementor-size-default\">Fournisseur cosm\u00e9tique professionnel<\/h1>\t\t\t\t<\/div>\n\t\t\t\t<\/div>\n\t\t\t\t<div class=\"elementor-element elementor-element-99066ec elementor-widget elementor-widget-text-editor\" data-id=\"99066ec\" data-element_type=\"widget\" data-e-type=\"widget\" data-widget_type=\"text-editor.default\">\n\t\t\t\t<div class=\"elementor-widget-container\">\n\t\t\t\t\t\t\t\t\t<h2 data-start=\"691\" data-end=\"749\">Marque &amp; partenaire des instituts de beaut\u00e9 exigeants<\/h2><p data-start=\"751\" data-end=\"1048\">Lucia Rapetti PRO est \u00e0 la fois <strong data-start=\"783\" data-end=\"827\">une marque de cosm\u00e9tique professionnelle<\/strong> et <strong data-start=\"831\" data-end=\"903\">un fournisseur d\u00e9di\u00e9 aux instituts de beaut\u00e9, spas et esth\u00e9ticiennes<\/strong>.<br data-start=\"904\" data-end=\"907\" \/>Notre mission : proposer des <strong data-start=\"936\" data-end=\"972\">soins professionnels performants<\/strong> et accompagner les esth\u00e9ticiennes dans le d\u00e9veloppement de leur activit\u00e9.<\/p><blockquote data-start=\"1050\" data-end=\"1156\"><p data-start=\"1052\" data-end=\"1156\">Plus qu\u2019un simple fournisseur, nous sommes <strong data-start=\"1095\" data-end=\"1122\">votre partenaire beaut\u00e9<\/strong> \u2014 de la cabine au conseil client.<\/p><\/blockquote>\t\t\t\t\t\t\t\t<\/div>\n\t\t\t\t<\/div>\n\t\t\t\t<div class=\"elementor-element elementor-element-3e084c8 elementor-mobile-align-center elementor-align-center elementor-widget elementor-widget-button\" data-id=\"3e084c8\" data-element_type=\"widget\" data-e-type=\"widget\" data-widget_type=\"button.default\">\n\t\t\t\t<div class=\"elementor-widget-container\">\n\t\t\t\t\t\t\t\t\t<div class=\"elementor-button-wrapper\">\n\t\t\t\t\t<a class=\"elementor-button elementor-button-link elementor-size-sm\" href=\"\/devenir-partenaires\/\">\n\t\t\t\t\t\t<span class=\"elementor-button-content-wrapper\">\n\t\t\t\t\t\t\t\t\t<span class=\"elementor-button-text\">Devenir partenaire Lucia Rapetti PRO<\/span>\n\t\t\t\t\t<\/span>\n\t\t\t\t\t<\/a>\n\t\t\t\t<\/div>\n\t\t\t\t\t\t\t\t<\/div>\n\t\t\t\t<\/div>\n\t\t\t\t\t<\/div>\n\t\t\t\t<\/div>\n\t\t\t\t<section class=\"elementor-section elementor-top-section elementor-element elementor-element-477d4b6e elementor-section-content-middle elementor-section-boxed elementor-section-height-default elementor-section-height-default\" data-id=\"477d4b6e\" data-element_type=\"section\" data-e-type=\"section\" data-settings=\"{&quot;background_background&quot;:&quot;classic&quot;}\">\n\t\t\t\t\t\t<div class=\"elementor-container elementor-column-gap-no\">\n\t\t\t\t\t<div class=\"elementor-column elementor-col-50 elementor-top-column elementor-element elementor-element-7b7077ac\" data-id=\"7b7077ac\" data-element_type=\"column\" data-e-type=\"column\">\n\t\t\t<div class=\"elementor-widget-wrap elementor-element-populated\">\n\t\t\t\t\t\t<div class=\"elementor-element elementor-element-104986ea elementor-widget elementor-widget-text-editor\" data-id=\"104986ea\" data-element_type=\"widget\" data-e-type=\"widget\" data-widget_type=\"text-editor.default\">\n\t\t\t\t<div class=\"elementor-widget-container\">\n\t\t\t\t\t\t\t\t\t<h2 data-start=\"1163\" data-end=\"1225\">Une marque de cosm\u00e9tique professionnelle haut de gamme<\/h2><p data-start=\"1227\" data-end=\"1507\">Depuis plus de trente ans, Lucia Rapetti con\u00e7oit et fabrique des <a href=\"https:\/\/lucia-rapetti.pro\/\"><strong data-start=\"1292\" data-end=\"1331\">produits cosm\u00e9tiques professionnels<\/strong><\/a> associant <strong data-start=\"1342\" data-end=\"1363\">science et nature<\/strong>.<br data-start=\"1364\" data-end=\"1367\" \/>Nos formules exclusives, riches en <strong data-start=\"1402\" data-end=\"1442\">actifs naturels et biotechnologiques<\/strong>, garantissent des <strong data-start=\"1461\" data-end=\"1506\">r\u00e9sultats visibles d\u00e8s la premi\u00e8re s\u00e9ance<\/strong>.<\/p><p data-start=\"1509\" data-end=\"1588\">Nos gammes s\u2019adressent exclusivement aux <strong data-start=\"1550\" data-end=\"1584\">professionnels de l\u2019esth\u00e9tique<\/strong> :<\/p><ul data-start=\"1589\" data-end=\"1744\"><li data-start=\"1589\" data-end=\"1651\"><p data-start=\"1591\" data-end=\"1651\"><strong data-start=\"1591\" data-end=\"1614\">Instituts de beaut\u00e9<\/strong>, <strong data-start=\"1616\" data-end=\"1624\">spas<\/strong>, <strong data-start=\"1626\" data-end=\"1649\">centres esth\u00e9tiques<\/strong><\/p><\/li><li data-start=\"1652\" data-end=\"1688\"><p data-start=\"1654\" data-end=\"1688\"><strong data-start=\"1654\" data-end=\"1686\">Esth\u00e9ticiennes ind\u00e9pendantes<\/strong><\/p><\/li><li data-start=\"1689\" data-end=\"1744\"><p data-start=\"1691\" data-end=\"1744\"><strong data-start=\"1691\" data-end=\"1714\">\u00c9coles d\u2019esth\u00e9tique<\/strong> et <strong data-start=\"1718\" data-end=\"1742\">centres de formation<\/strong><\/p><\/li><\/ul><p data-start=\"1746\" data-end=\"1864\">Chaque produit Lucia Rapetti PRO est formul\u00e9 pour sublimer le soin cabine et renforcer la fid\u00e9lisation des clientes.<\/p>\t\t\t\t\t\t\t\t<\/div>\n\t\t\t\t<\/div>\n\t\t\t\t<div class=\"elementor-element elementor-element-225f6a1 elementor-mobile-align-center elementor-widget elementor-widget-button\" data-id=\"225f6a1\" data-element_type=\"widget\" data-e-type=\"widget\" data-widget_type=\"button.default\">\n\t\t\t\t<div class=\"elementor-widget-container\">\n\t\t\t\t\t\t\t\t\t<div class=\"elementor-button-wrapper\">\n\t\t\t\t\t<a class=\"elementor-button elementor-button-link elementor-size-sm\" href=\"https:\/\/lucia-rapetti.pro\/devenir-partenaires\">\n\t\t\t\t\t\t<span class=\"elementor-button-content-wrapper\">\n\t\t\t\t\t\t\t\t\t<span class=\"elementor-button-text\">contactez nous<\/span>\n\t\t\t\t\t<\/span>\n\t\t\t\t\t<\/a>\n\t\t\t\t<\/div>\n\t\t\t\t\t\t\t\t<\/div>\n\t\t\t\t<\/div>\n\t\t\t\t\t<\/div>\n\t\t<\/div>\n\t\t\t\t<div class=\"elementor-column elementor-col-50 elementor-top-column elementor-element elementor-element-5f686dc6\" data-id=\"5f686dc6\" data-element_type=\"column\" data-e-type=\"column\">\n\t\t\t<div class=\"elementor-widget-wrap elementor-element-populated\">\n\t\t\t\t\t\t<div class=\"elementor-element elementor-element-6aea6c9d elementor-widget-tablet__width-initial elementor-widget elementor-widget-image\" data-id=\"6aea6c9d\" data-element_type=\"widget\" data-e-type=\"widget\" data-widget_type=\"image.default\">\n\t\t\t\t<div class=\"elementor-widget-container\">\n\t\t\t\t\t\t\t\t\t\t\t\t\t\t\t<img fetchpriority=\"high\" decoding=\"async\" width=\"1328\" height=\"960\" src=\"https:\/\/lucia-rapetti.pro\/wp-content\/uploads\/2024\/03\/LR-sito-gamme-gruppi7-1.png\" class=\"attachment-full size-full wp-image-4724\" alt=\"Fournisseur de cosm\u00e9tique naturel lucia rapetti\" srcset=\"https:\/\/lucia-rapetti.pro\/wp-content\/uploads\/2024\/03\/LR-sito-gamme-gruppi7-1.png 1328w, https:\/\/lucia-rapetti.pro\/wp-content\/uploads\/2024\/03\/LR-sito-gamme-gruppi7-1-300x217.png 300w, https:\/\/lucia-rapetti.pro\/wp-content\/uploads\/2024\/03\/LR-sito-gamme-gruppi7-1-1024x740.png 1024w, https:\/\/lucia-rapetti.pro\/wp-content\/uploads\/2024\/03\/LR-sito-gamme-gruppi7-1-768x555.png 768w, https:\/\/lucia-rapetti.pro\/wp-content\/uploads\/2024\/03\/LR-sito-gamme-gruppi7-1-18x12.png 18w\" sizes=\"(max-width: 1328px) 100vw, 1328px\" \/>\t\t\t\t\t\t\t\t\t\t\t\t\t\t\t<\/div>\n\t\t\t\t<\/div>\n\t\t\t\t\t<\/div>\n\t\t<\/div>\n\t\t\t\t\t<\/div>\n\t\t<\/section>\n\t\t<div class=\"elementor-element elementor-element-248a503 e-flex e-con-boxed e-con e-parent\" data-id=\"248a503\" data-element_type=\"container\" data-e-type=\"container\" data-settings=\"{&quot;background_background&quot;:&quot;classic&quot;}\">\n\t\t\t\t\t<div class=\"e-con-inner\">\n\t\t\t\t<div class=\"elementor-element elementor-element-f53ddad elementor-widget elementor-widget-text-editor\" data-id=\"f53ddad\" data-element_type=\"widget\" data-e-type=\"widget\" data-widget_type=\"text-editor.default\">\n\t\t\t\t<div class=\"elementor-widget-container\">\n\t\t\t\t\t\t\t\t\t<h2 style=\"text-align: left;\" data-start=\"1871\" data-end=\"1909\">Science, nature et performance<\/h2><p style=\"text-align: left;\" data-start=\"1911\" data-end=\"1954\">Notre approche repose sur trois piliers :<\/p><ul style=\"text-align: left;\" data-start=\"1956\" data-end=\"2219\"><li data-start=\"1956\" data-end=\"2048\"><p data-start=\"1958\" data-end=\"2048\"><strong data-start=\"1958\" data-end=\"1969\">Science<\/strong> : actifs biotechnologiques, peptides, AHA, complexes anti-\u00e2ge et hydratants.<\/p><\/li><li data-start=\"2049\" data-end=\"2137\"><p data-start=\"2051\" data-end=\"2137\"><strong data-start=\"2051\" data-end=\"2061\">Nature<\/strong> : extraits botaniques, huiles v\u00e9g\u00e9tales, ingr\u00e9dients d\u2019origine naturelle.<\/p><\/li><li data-start=\"2138\" data-end=\"2219\"><p data-start=\"2140\" data-end=\"2219\"><strong data-start=\"2140\" data-end=\"2155\">Performance<\/strong> : r\u00e9sultats imm\u00e9diats, tol\u00e9rance optimale, plaisir sensoriel.<\/p><\/li><\/ul><blockquote data-start=\"2221\" data-end=\"2314\"><p style=\"text-align: left;\" data-start=\"2223\" data-end=\"2314\">Lucia Rapetti PRO incarne l\u2019alliance du savoir-faire scientifique et du respect de la peau.<\/p><\/blockquote>\t\t\t\t\t\t\t\t<\/div>\n\t\t\t\t<\/div>\n\t\t\t\t\t<\/div>\n\t\t\t\t<\/div>\n\t\t\t\t<section class=\"elementor-section elementor-top-section elementor-element elementor-element-7d2e96e elementor-section-content-middle elementor-section-boxed elementor-section-height-default elementor-section-height-default\" data-id=\"7d2e96e\" data-element_type=\"section\" data-e-type=\"section\" data-settings=\"{&quot;background_background&quot;:&quot;classic&quot;}\">\n\t\t\t\t\t\t<div class=\"elementor-container elementor-column-gap-no\">\n\t\t\t\t\t<div class=\"elementor-column elementor-col-50 elementor-top-column elementor-element elementor-element-819c987\" data-id=\"819c987\" data-element_type=\"column\" data-e-type=\"column\">\n\t\t\t<div class=\"elementor-widget-wrap elementor-element-populated\">\n\t\t\t\t\t\t<div class=\"elementor-element elementor-element-27346cb elementor-widget-tablet__width-initial elementor-widget elementor-widget-image\" data-id=\"27346cb\" data-element_type=\"widget\" data-e-type=\"widget\" data-widget_type=\"image.default\">\n\t\t\t\t<div class=\"elementor-widget-container\">\n\t\t\t\t\t\t\t\t\t\t\t\t\t\t\t<img decoding=\"async\" width=\"1200\" height=\"756\" src=\"https:\/\/lucia-rapetti.pro\/wp-content\/uploads\/2024\/03\/LR-sito-gamme-gruppi6-1.png\" class=\"attachment-full size-full wp-image-4725\" alt=\"Produits cosm\u00e9tiques professionnels Lucia Rapetti PRO pour soins visage et corps en institut\" srcset=\"https:\/\/lucia-rapetti.pro\/wp-content\/uploads\/2024\/03\/LR-sito-gamme-gruppi6-1.png 1200w, https:\/\/lucia-rapetti.pro\/wp-content\/uploads\/2024\/03\/LR-sito-gamme-gruppi6-1-300x189.png 300w, https:\/\/lucia-rapetti.pro\/wp-content\/uploads\/2024\/03\/LR-sito-gamme-gruppi6-1-1024x645.png 1024w, https:\/\/lucia-rapetti.pro\/wp-content\/uploads\/2024\/03\/LR-sito-gamme-gruppi6-1-768x484.png 768w, https:\/\/lucia-rapetti.pro\/wp-content\/uploads\/2024\/03\/LR-sito-gamme-gruppi6-1-18x12.png 18w\" sizes=\"(max-width: 1200px) 100vw, 1200px\" \/>\t\t\t\t\t\t\t\t\t\t\t\t\t\t\t<\/div>\n\t\t\t\t<\/div>\n\t\t\t\t\t<\/div>\n\t\t<\/div>\n\t\t\t\t<div class=\"elementor-column elementor-col-50 elementor-top-column elementor-element elementor-element-c141657\" data-id=\"c141657\" data-element_type=\"column\" data-e-type=\"column\">\n\t\t\t<div class=\"elementor-widget-wrap elementor-element-populated\">\n\t\t\t\t\t\t<div class=\"elementor-element elementor-element-419593f elementor-widget elementor-widget-text-editor\" data-id=\"419593f\" data-element_type=\"widget\" data-e-type=\"widget\" data-widget_type=\"text-editor.default\">\n\t\t\t\t<div class=\"elementor-widget-container\">\n\t\t\t\t\t\t\t\t\t<h2 data-start=\"2321\" data-end=\"2376\">Une gamme compl\u00e8te pour les instituts de beaut\u00e9<\/h2><h3 data-start=\"2378\" data-end=\"2411\">Soins visage professionnels<\/h3><p data-start=\"2412\" data-end=\"2527\">Anti-\u00e2ge, hydratation, \u00e9clat, apaisement, r\u00e9g\u00e9n\u00e9ration cellulaire : nos soins r\u00e9pondent \u00e0 tous les besoins de peau.<\/p><h3 data-start=\"2529\" data-end=\"2561\">Soins corps professionnels<\/h3><p data-start=\"2562\" data-end=\"2677\">Raffermissants, drainants, tonifiants, relaxants : des protocoles complets pour des r\u00e9sultats visibles et durables.<\/p><h3 data-start=\"2679\" data-end=\"2719\">Produits de massage et de finition<\/h3><p data-start=\"2720\" data-end=\"2809\">Textures sensorielles, actifs concentr\u00e9s et senteurs d\u00e9licates pour sublimer chaque soin.<\/p><blockquote data-start=\"2811\" data-end=\"2901\"><p data-start=\"2813\" data-end=\"2901\">Chaque gamme Lucia Rapetti PRO est con\u00e7ue pour offrir <strong data-start=\"2867\" data-end=\"2900\">une exp\u00e9rience cabine premium<\/strong>.<\/p><\/blockquote>\t\t\t\t\t\t\t\t<\/div>\n\t\t\t\t<\/div>\n\t\t\t\t\t<\/div>\n\t\t<\/div>\n\t\t\t\t\t<\/div>\n\t\t<\/section>\n\t\t<div class=\"elementor-element elementor-element-097834d e-flex e-con-boxed e-con e-parent\" data-id=\"097834d\" data-element_type=\"container\" data-e-type=\"container\" data-settings=\"{&quot;background_background&quot;:&quot;classic&quot;}\">\n\t\t\t\t\t<div class=\"e-con-inner\">\n\t\t\t\t<div class=\"elementor-element elementor-element-26dc019 elementor-widget elementor-widget-text-editor\" data-id=\"26dc019\" data-element_type=\"widget\" data-e-type=\"widget\" data-widget_type=\"text-editor.default\">\n\t\t\t\t<div class=\"elementor-widget-container\">\n\t\t\t\t\t\t\t\t\t<h2 style=\"text-align: left;\" data-start=\"2908\" data-end=\"2988\">Un fournisseur cosm\u00e9tique professionnel engag\u00e9 aupr\u00e8s des esth\u00e9ticiennes<\/h2><p style=\"text-align: left;\" data-start=\"2990\" data-end=\"3080\">Lucia Rapetti PRO se distingue par un accompagnement personnalis\u00e9 et un suivi constant :<\/p><ul style=\"text-align: left;\" data-start=\"3082\" data-end=\"3407\"><li data-start=\"3082\" data-end=\"3166\"><p data-start=\"3084\" data-end=\"3166\"><strong data-start=\"3084\" data-end=\"3123\">Formation technique et protocolaire<\/strong> : ma\u00eetrise des soins et diagnostic peau.<\/p><\/li><li data-start=\"3167\" data-end=\"3254\"><p data-start=\"3169\" data-end=\"3254\"><strong data-start=\"3169\" data-end=\"3190\">Support marketing<\/strong> : affiches, PLV, fiches conseils et contenus r\u00e9seaux sociaux.<\/p><\/li><li data-start=\"3255\" data-end=\"3338\"><p data-start=\"3257\" data-end=\"3338\"><strong data-start=\"3257\" data-end=\"3280\">Coaching commercial<\/strong> : techniques de revente, argumentaires et fid\u00e9lisation.<\/p><\/li><li data-start=\"3339\" data-end=\"3407\"><p data-start=\"3341\" data-end=\"3407\"><strong data-start=\"3341\" data-end=\"3357\">Suivi client<\/strong> : interlocuteur d\u00e9di\u00e9, disponibilit\u00e9 et \u00e9coute.<\/p><\/li><\/ul><blockquote data-start=\"3409\" data-end=\"3521\"><p style=\"text-align: left;\" data-start=\"3411\" data-end=\"3521\">Notre objectif : vous aider \u00e0 faire grandir votre institut avec une marque \u00e0 vos c\u00f4t\u00e9s, pas au-dessus de vous.<\/p><\/blockquote>\t\t\t\t\t\t\t\t<\/div>\n\t\t\t\t<\/div>\n\t\t\t\t\t<\/div>\n\t\t\t\t<\/div>\n\t\t\t\t<section class=\"elementor-section elementor-top-section elementor-element elementor-element-9b80ce0 elementor-section-content-middle elementor-section-boxed elementor-section-height-default elementor-section-height-default\" data-id=\"9b80ce0\" data-element_type=\"section\" data-e-type=\"section\" data-settings=\"{&quot;background_background&quot;:&quot;classic&quot;}\">\n\t\t\t\t\t\t<div class=\"elementor-container elementor-column-gap-no\">\n\t\t\t\t\t<div class=\"elementor-column elementor-col-50 elementor-top-column elementor-element elementor-element-dcad48d\" data-id=\"dcad48d\" data-element_type=\"column\" data-e-type=\"column\">\n\t\t\t<div class=\"elementor-widget-wrap elementor-element-populated\">\n\t\t\t\t\t\t<div class=\"elementor-element elementor-element-f84fdf7 elementor-widget elementor-widget-text-editor\" data-id=\"f84fdf7\" data-element_type=\"widget\" data-e-type=\"widget\" data-widget_type=\"text-editor.default\">\n\t\t\t\t<div class=\"elementor-widget-container\">\n\t\t\t\t\t\t\t\t\t<h2 data-start=\"3528\" data-end=\"3600\">Un partenaire fiable : logistique et conditions professionnelles<\/h2><p data-start=\"3602\" data-end=\"3743\">En tant que <strong data-start=\"3614\" data-end=\"3672\">fournisseur et grossiste en cosm\u00e9tique professionnelle<\/strong>, Lucia Rapetti PRO met tout en \u0153uvre pour simplifier votre quotidien :<\/p><ul data-start=\"3745\" data-end=\"4082\"><li data-start=\"3745\" data-end=\"3825\"><p data-start=\"3747\" data-end=\"3825\"><strong data-start=\"3747\" data-end=\"3768\">Commandes rapides<\/strong> par t\u00e9l\u00e9phone, email ou via votre interlocuteur d\u00e9di\u00e9.<\/p><\/li><li data-start=\"3826\" data-end=\"3882\"><p data-start=\"3828\" data-end=\"3882\"><strong data-start=\"3828\" data-end=\"3849\">Livraison express<\/strong> sous 48\/72h partout en France.<\/p><\/li><li data-start=\"3883\" data-end=\"3955\"><p data-start=\"3885\" data-end=\"3955\"><strong data-start=\"3885\" data-end=\"3903\">Franco de port<\/strong> \u00e0 partir d\u2019un certain montant (selon conditions).<\/p><\/li><li data-start=\"3956\" data-end=\"4024\"><p data-start=\"3958\" data-end=\"4024\"><strong data-start=\"3958\" data-end=\"3989\">Service apr\u00e8s-vente r\u00e9actif<\/strong> et remplacement en cas de casse.<\/p><\/li><li data-start=\"4025\" data-end=\"4082\"><p data-start=\"4027\" data-end=\"4082\"><strong data-start=\"4027\" data-end=\"4046\">Stock permanent<\/strong> des r\u00e9f\u00e9rences cabine et revente.<\/p><\/li><\/ul><blockquote data-start=\"4084\" data-end=\"4203\"><p data-start=\"4086\" data-end=\"4203\">Gagnez du temps, de la fiabilit\u00e9 et de la s\u00e9r\u00e9nit\u00e9 avec un fournisseur pens\u00e9 pour les professionnels de l\u2019esth\u00e9tique.<\/p><\/blockquote>\t\t\t\t\t\t\t\t<\/div>\n\t\t\t\t<\/div>\n\t\t\t\t\t<\/div>\n\t\t<\/div>\n\t\t\t\t<div class=\"elementor-column elementor-col-50 elementor-top-column elementor-element elementor-element-6ca0d29\" data-id=\"6ca0d29\" data-element_type=\"column\" data-e-type=\"column\">\n\t\t\t<div class=\"elementor-widget-wrap elementor-element-populated\">\n\t\t\t\t\t\t<div class=\"elementor-element elementor-element-9fba901 elementor-widget-tablet__width-initial elementor-widget elementor-widget-image\" data-id=\"9fba901\" data-element_type=\"widget\" data-e-type=\"widget\" data-widget_type=\"image.default\">\n\t\t\t\t<div class=\"elementor-widget-container\">\n\t\t\t\t\t\t\t\t\t\t\t\t\t\t\t<img decoding=\"async\" width=\"534\" height=\"650\" src=\"https:\/\/lucia-rapetti.pro\/wp-content\/uploads\/2023\/08\/LR-sito-estetista2.jpg\" class=\"attachment-full size-full wp-image-2128\" alt=\"Esth\u00e9ticienne utilisant les produits Lucia Rapetti PRO pendant un soin visage cabine\" srcset=\"https:\/\/lucia-rapetti.pro\/wp-content\/uploads\/2023\/08\/LR-sito-estetista2.jpg 534w, https:\/\/lucia-rapetti.pro\/wp-content\/uploads\/2023\/08\/LR-sito-estetista2-246x300.jpg 246w\" sizes=\"(max-width: 534px) 100vw, 534px\" \/>\t\t\t\t\t\t\t\t\t\t\t\t\t\t\t<\/div>\n\t\t\t\t<\/div>\n\t\t\t\t\t<\/div>\n\t\t<\/div>\n\t\t\t\t\t<\/div>\n\t\t<\/section>\n\t\t<div class=\"elementor-element elementor-element-5c49fc6 e-flex e-con-boxed e-con e-parent\" data-id=\"5c49fc6\" data-element_type=\"container\" data-e-type=\"container\" data-settings=\"{&quot;background_background&quot;:&quot;classic&quot;}\">\n\t\t\t\t\t<div class=\"e-con-inner\">\n\t\t\t\t<div class=\"elementor-element elementor-element-5cc33f7 elementor-widget elementor-widget-text-editor\" data-id=\"5cc33f7\" data-element_type=\"widget\" data-e-type=\"widget\" data-widget_type=\"text-editor.default\">\n\t\t\t\t<div class=\"elementor-widget-container\">\n\t\t\t\t\t\t\t\t\t<h2 style=\"text-align: left;\" data-start=\"4210\" data-end=\"4267\">Conditions professionnelles &amp; ouverture de compte<\/h2><p style=\"text-align: left;\" data-start=\"4269\" data-end=\"4414\">Lucia Rapetti PRO r\u00e9serve ses gammes aux <strong data-start=\"4310\" data-end=\"4354\">professionnels certifi\u00e9s de l\u2019esth\u00e9tique<\/strong>.<br data-start=\"4355\" data-end=\"4358\" \/>L\u2019ouverture de compte est gratuite et sans engagement.<\/p><h3 style=\"text-align: left;\" data-start=\"4416\" data-end=\"4443\">Avantages partenaires :<\/h3><ul style=\"text-align: left;\" data-start=\"4444\" data-end=\"4659\"><li data-start=\"4444\" data-end=\"4493\"><p data-start=\"4446\" data-end=\"4493\">Acc\u00e8s aux <strong data-start=\"4456\" data-end=\"4491\">tarifs professionnels exclusifs<\/strong><\/p><\/li><li data-start=\"4494\" data-end=\"4533\"><p data-start=\"4496\" data-end=\"4533\">Pr\u00e9sentation de gamme personnalis\u00e9e<\/p><\/li><li data-start=\"4534\" data-end=\"4605\"><p data-start=\"4536\" data-end=\"4605\">Conseils adapt\u00e9s \u00e0 la taille et au positionnement de votre institut<\/p><\/li><li data-start=\"4606\" data-end=\"4659\"><p data-start=\"4608\" data-end=\"4659\">Invitation \u00e0 nos <strong data-start=\"4625\" data-end=\"4639\">formations<\/strong> et \u00e9v\u00e9nements pro<\/p><\/li><\/ul><p style=\"text-align: left;\" data-start=\"4661\" data-end=\"4868\"><br data-start=\"4742\" data-end=\"4745\" \/><strong data-start=\"4748\" data-end=\"4866\"><a class=\"decorated-link\" href=\"https:\/\/lucia-rapetti.pro\/cosmetique-pour-institut-de-beaute\/\" target=\"_new\" rel=\"noopener\" data-start=\"4750\" data-end=\"4864\">D\u00e9couvrir nos cosm\u00e9tiques pour institut de beaut\u00e9<\/a><\/strong><\/p>\t\t\t\t\t\t\t\t<\/div>\n\t\t\t\t<\/div>\n\t\t\t\t<div class=\"elementor-element elementor-element-521f44f elementor-mobile-align-center elementor-align-center elementor-widget elementor-widget-button\" data-id=\"521f44f\" data-element_type=\"widget\" data-e-type=\"widget\" data-widget_type=\"button.default\">\n\t\t\t\t<div class=\"elementor-widget-container\">\n\t\t\t\t\t\t\t\t\t<div class=\"elementor-button-wrapper\">\n\t\t\t\t\t<a class=\"elementor-button elementor-button-link elementor-size-sm\" href=\"\/devenir-partenaires\/\">\n\t\t\t\t\t\t<span class=\"elementor-button-content-wrapper\">\n\t\t\t\t\t\t\t\t\t<span class=\"elementor-button-text\">Demander l'ouverture d'un compte Pro<\/span>\n\t\t\t\t\t<\/span>\n\t\t\t\t\t<\/a>\n\t\t\t\t<\/div>\n\t\t\t\t\t\t\t\t<\/div>\n\t\t\t\t<\/div>\n\t\t\t\t\t<\/div>\n\t\t\t\t<\/div>\n\t\t\t\t<section class=\"elementor-section elementor-top-section elementor-element elementor-element-60283f2 elementor-section-content-middle elementor-section-boxed elementor-section-height-default elementor-section-height-default\" data-id=\"60283f2\" data-element_type=\"section\" data-e-type=\"section\" data-settings=\"{&quot;background_background&quot;:&quot;classic&quot;}\">\n\t\t\t\t\t\t<div class=\"elementor-container elementor-column-gap-no\">\n\t\t\t\t\t<div class=\"elementor-column elementor-col-50 elementor-top-column elementor-element elementor-element-bf1f960\" data-id=\"bf1f960\" data-element_type=\"column\" data-e-type=\"column\">\n\t\t\t<div class=\"elementor-widget-wrap elementor-element-populated\">\n\t\t\t\t\t\t<div class=\"elementor-element elementor-element-c67fe79 elementor-widget-tablet__width-initial elementor-widget elementor-widget-image\" data-id=\"c67fe79\" data-element_type=\"widget\" data-e-type=\"widget\" data-widget_type=\"image.default\">\n\t\t\t\t<div class=\"elementor-widget-container\">\n\t\t\t\t\t\t\t\t\t\t\t\t\t\t\t<img loading=\"lazy\" decoding=\"async\" width=\"534\" height=\"650\" src=\"https:\/\/lucia-rapetti.pro\/wp-content\/uploads\/2023\/07\/LR-sito-hp-clean-beauty2.jpg\" class=\"attachment-full size-full wp-image-1850\" alt=\"Ingr\u00e9dients naturels et extraits de plantes utilis\u00e9s dans les cosm\u00e9tiques Lucia Rapetti PRO\" srcset=\"https:\/\/lucia-rapetti.pro\/wp-content\/uploads\/2023\/07\/LR-sito-hp-clean-beauty2.jpg 534w, https:\/\/lucia-rapetti.pro\/wp-content\/uploads\/2023\/07\/LR-sito-hp-clean-beauty2-246x300.jpg 246w\" sizes=\"(max-width: 534px) 100vw, 534px\" \/>\t\t\t\t\t\t\t\t\t\t\t\t\t\t\t<\/div>\n\t\t\t\t<\/div>\n\t\t\t\t\t<\/div>\n\t\t<\/div>\n\t\t\t\t<div class=\"elementor-column elementor-col-50 elementor-top-column elementor-element elementor-element-0e686e6\" data-id=\"0e686e6\" data-element_type=\"column\" data-e-type=\"column\">\n\t\t\t<div class=\"elementor-widget-wrap elementor-element-populated\">\n\t\t\t\t\t\t<div class=\"elementor-element elementor-element-b04e0bb elementor-widget elementor-widget-text-editor\" data-id=\"b04e0bb\" data-element_type=\"widget\" data-e-type=\"widget\" data-widget_type=\"text-editor.default\">\n\t\t\t\t<div class=\"elementor-widget-container\">\n\t\t\t\t\t\t\t\t\t<h2 data-start=\"4875\" data-end=\"4920\">Une cosm\u00e9tique responsable et durable<\/h2><p data-start=\"4922\" data-end=\"4995\">Lucia Rapetti s\u2019engage pour une <strong data-start=\"4954\" data-end=\"4991\">beaut\u00e9 consciente et respectueuse<\/strong> :<\/p><ul data-start=\"4996\" data-end=\"5190\"><li data-start=\"4996\" data-end=\"5042\"><p data-start=\"4998\" data-end=\"5042\">Ingr\u00e9dients <strong data-start=\"5010\" data-end=\"5040\">naturels et biod\u00e9gradables<\/strong><\/p><\/li><li data-start=\"5043\" data-end=\"5100\"><p data-start=\"5045\" data-end=\"5100\"><strong data-start=\"5045\" data-end=\"5070\">Fabrication italienne<\/strong> selon des standards stricts<\/p><\/li><li data-start=\"5101\" data-end=\"5140\"><p data-start=\"5103\" data-end=\"5140\"><strong data-start=\"5103\" data-end=\"5128\">Tests dermatologiques<\/strong> rigoureux<\/p><\/li><li data-start=\"5141\" data-end=\"5190\"><p data-start=\"5143\" data-end=\"5190\"><strong data-start=\"5143\" data-end=\"5169\">Emballages recyclables<\/strong> et circuits courts<\/p><\/li><\/ul><blockquote data-start=\"5192\" data-end=\"5282\"><p data-start=\"5194\" data-end=\"5282\">\u00catre professionnel de la beaut\u00e9, c\u2019est aussi choisir une marque qui partage vos valeurs.<\/p><\/blockquote>\t\t\t\t\t\t\t\t<\/div>\n\t\t\t\t<\/div>\n\t\t\t\t\t<\/div>\n\t\t<\/div>\n\t\t\t\t\t<\/div>\n\t\t<\/section>\n\t\t<div class=\"elementor-element elementor-element-4ee01d8 e-flex e-con-boxed e-con e-parent\" data-id=\"4ee01d8\" data-element_type=\"container\" data-e-type=\"container\">\n\t\t\t\t\t<div class=\"e-con-inner\">\n\t\t\t\t<div class=\"elementor-element elementor-element-c53c155 elementor-widget elementor-widget-heading\" data-id=\"c53c155\" data-element_type=\"widget\" data-e-type=\"widget\" data-widget_type=\"heading.default\">\n\t\t\t\t<div class=\"elementor-widget-container\">\n\t\t\t\t\t<h2 class=\"elementor-heading-title elementor-size-default\">T\u00e9moignages d\u2019instituts partenaires<\/h2>\t\t\t\t<\/div>\n\t\t\t\t<\/div>\n\t\t\t\t\t<\/div>\n\t\t\t\t<\/div>\n\t\t<div class=\"elementor-element elementor-element-f5e1490 e-flex e-con-boxed e-con e-parent\" data-id=\"f5e1490\" data-element_type=\"container\" data-e-type=\"container\">\n\t\t\t\t\t<div class=\"e-con-inner\">\n\t\t<div class=\"elementor-element elementor-element-b793de2 e-con-full e-flex e-con e-child\" data-id=\"b793de2\" data-element_type=\"container\" data-e-type=\"container\">\n\t\t\t\t<div class=\"elementor-element elementor-element-df22584 elementor-widget elementor-widget-testimonial\" data-id=\"df22584\" data-element_type=\"widget\" data-e-type=\"widget\" data-widget_type=\"testimonial.default\">\n\t\t\t\t<div class=\"elementor-widget-container\">\n\t\t\t\t\t\t\t<div class=\"elementor-testimonial-wrapper\">\n\t\t\t\t\t\t\t<div class=\"elementor-testimonial-content\">Des r\u00e9sultats visibles d\u00e8s la premi\u00e8re s\u00e9ance, et des clientes qui reviennent ! Une marque s\u00e9rieuse et humaine.<\/div>\n\t\t\t\n\t\t\t\t\t\t<div class=\"elementor-testimonial-meta elementor-has-image elementor-testimonial-image-position-aside\">\n\t\t\t\t<div class=\"elementor-testimonial-meta-inner\">\n\t\t\t\t\t\t\t\t\t\t\t<div class=\"elementor-testimonial-image\">\n\t\t\t\t\t\t\t<img loading=\"lazy\" decoding=\"async\" width=\"1654\" height=\"1654\" src=\"https:\/\/lucia-rapetti.pro\/wp-content\/uploads\/2025\/09\/3.png\" class=\"attachment-full size-full wp-image-6486\" alt=\"\" srcset=\"https:\/\/lucia-rapetti.pro\/wp-content\/uploads\/2025\/09\/3.png 1654w, https:\/\/lucia-rapetti.pro\/wp-content\/uploads\/2025\/09\/3-300x300.png 300w, https:\/\/lucia-rapetti.pro\/wp-content\/uploads\/2025\/09\/3-1024x1024.png 1024w, https:\/\/lucia-rapetti.pro\/wp-content\/uploads\/2025\/09\/3-150x150.png 150w, https:\/\/lucia-rapetti.pro\/wp-content\/uploads\/2025\/09\/3-768x768.png 768w\" sizes=\"(max-width: 1654px) 100vw, 1654px\" \/>\t\t\t\t\t\t<\/div>\n\t\t\t\t\t\n\t\t\t\t\t\t\t\t\t\t<div class=\"elementor-testimonial-details\">\n\t\t\t\t\t\t\t\t\t\t\t\t\t\t<div class=\"elementor-testimonial-name\">Anne Walter<\/div>\n\t\t\t\t\t\t\t\t\t\t\t\t\t\t\t\t\t\t\t\t\t\t<div class=\"elementor-testimonial-job\">Institut de beaut\u00e9 \u00e0 Strasbourg<\/div>\n\t\t\t\t\t\t\t\t\t\t\t\t\t<\/div>\n\t\t\t\t\t\t\t\t\t<\/div>\n\t\t\t<\/div>\n\t\t\t\t\t<\/div>\n\t\t\t\t\t\t<\/div>\n\t\t\t\t<\/div>\n\t\t\t\t<\/div>\n\t\t<div class=\"elementor-element elementor-element-1d449cd e-con-full e-flex e-con e-child\" data-id=\"1d449cd\" data-element_type=\"container\" data-e-type=\"container\">\n\t\t\t\t<div class=\"elementor-element elementor-element-92f2b9e elementor-widget elementor-widget-testimonial\" data-id=\"92f2b9e\" data-element_type=\"widget\" data-e-type=\"widget\" data-widget_type=\"testimonial.default\">\n\t\t\t\t<div class=\"elementor-widget-container\">\n\t\t\t\t\t\t\t<div class=\"elementor-testimonial-wrapper\">\n\t\t\t\t\t\t\t<div class=\"elementor-testimonial-content\">La formation Lucia Rapetti m\u2019a permis de revoir mes protocoles et d\u2019augmenter mon chiffre cabine.<\/div>\n\t\t\t\n\t\t\t\t\t\t<div class=\"elementor-testimonial-meta elementor-has-image elementor-testimonial-image-position-aside\">\n\t\t\t\t<div class=\"elementor-testimonial-meta-inner\">\n\t\t\t\t\t\t\t\t\t\t\t<div class=\"elementor-testimonial-image\">\n\t\t\t\t\t\t\t<img loading=\"lazy\" decoding=\"async\" width=\"500\" height=\"500\" src=\"https:\/\/lucia-rapetti.pro\/wp-content\/uploads\/2025\/10\/partenaire-lucia-rapetti-pro-1.png\" class=\"attachment-full size-full wp-image-6579\" alt=\"\" srcset=\"https:\/\/lucia-rapetti.pro\/wp-content\/uploads\/2025\/10\/partenaire-lucia-rapetti-pro-1.png 500w, https:\/\/lucia-rapetti.pro\/wp-content\/uploads\/2025\/10\/partenaire-lucia-rapetti-pro-1-300x300.png 300w, https:\/\/lucia-rapetti.pro\/wp-content\/uploads\/2025\/10\/partenaire-lucia-rapetti-pro-1-150x150.png 150w, https:\/\/lucia-rapetti.pro\/wp-content\/uploads\/2025\/10\/partenaire-lucia-rapetti-pro-1-12x12.png 12w\" sizes=\"(max-width: 500px) 100vw, 500px\" \/>\t\t\t\t\t\t<\/div>\n\t\t\t\t\t\n\t\t\t\t\t\t\t\t\t\t<div class=\"elementor-testimonial-details\">\n\t\t\t\t\t\t\t\t\t\t\t\t\t\t<div class=\"elementor-testimonial-name\">V\u00e9ronique<\/div>\n\t\t\t\t\t\t\t\t\t\t\t\t\t\t\t\t\t\t\t\t\t\t<div class=\"elementor-testimonial-job\">Spa des capucins - Montauban<\/div>\n\t\t\t\t\t\t\t\t\t\t\t\t\t<\/div>\n\t\t\t\t\t\t\t\t\t<\/div>\n\t\t\t<\/div>\n\t\t\t\t\t<\/div>\n\t\t\t\t\t\t<\/div>\n\t\t\t\t<\/div>\n\t\t\t\t<\/div>\n\t\t\t\t\t<\/div>\n\t\t\t\t<\/div>\n\t\t<div class=\"elementor-element elementor-element-500c25e e-flex e-con-boxed e-con e-parent\" data-id=\"500c25e\" data-element_type=\"container\" data-e-type=\"container\">\n\t\t\t\t\t<div class=\"e-con-inner\">\n\t\t\t\t<div class=\"elementor-element elementor-element-73f6988 elementor-widget elementor-widget-heading\" data-id=\"73f6988\" data-element_type=\"widget\" data-e-type=\"widget\" data-widget_type=\"heading.default\">\n\t\t\t\t<div class=\"elementor-widget-container\">\n\t\t\t\t\t<h2 class=\"elementor-heading-title elementor-size-default\">Foire aux questions (FAQ)<\/h2>\t\t\t\t<\/div>\n\t\t\t\t<\/div>\n\t\t\t\t\t<\/div>\n\t\t\t\t<\/div>\n\t\t<div class=\"elementor-element elementor-element-b7daacb e-flex e-con-boxed e-con e-parent\" data-id=\"b7daacb\" data-element_type=\"container\" data-e-type=\"container\">\n\t\t\t\t\t<div class=\"e-con-inner\">\n\t\t\t\t<div class=\"elementor-element elementor-element-5bf7ae2 elementor-widget elementor-widget-n-accordion\" data-id=\"5bf7ae2\" data-element_type=\"widget\" data-e-type=\"widget\" data-settings=\"{&quot;default_state&quot;:&quot;expanded&quot;,&quot;max_items_expended&quot;:&quot;one&quot;,&quot;n_accordion_animation_duration&quot;:{&quot;unit&quot;:&quot;ms&quot;,&quot;size&quot;:400,&quot;sizes&quot;:[]}}\" data-widget_type=\"nested-accordion.default\">\n\t\t\t\t<div class=\"elementor-widget-container\">\n\t\t\t\t\t\t\t<div class=\"e-n-accordion\" aria-label=\"Accordion. Open links with Enter or Space, close with Escape, and navigate with Arrow Keys\">\n\t\t\t\t\t\t<details id=\"e-n-accordion-item-9640\" class=\"e-n-accordion-item\" open>\n\t\t\t\t<summary class=\"e-n-accordion-item-title\" data-accordion-index=\"1\" tabindex=\"0\" aria-expanded=\"true\" aria-controls=\"e-n-accordion-item-9640\" >\n\t\t\t\t\t<span class='e-n-accordion-item-title-header'><h3 class=\"e-n-accordion-item-title-text\"> Lucia Rapetti PRO est-elle une marque ou un fournisseur ? <\/h3><\/span>\n\t\t\t\t\t\t\t<span class='e-n-accordion-item-title-icon'>\n\t\t\t<span class='e-opened' ><svg aria-hidden=\"true\" class=\"e-font-icon-svg e-fas-minus\" viewBox=\"0 0 448 512\" xmlns=\"http:\/\/www.w3.org\/2000\/svg\"><path d=\"M416 208H32c-17.67 0-32 14.33-32 32v32c0 17.67 14.33 32 32 32h384c17.67 0 32-14.33 32-32v-32c0-17.67-14.33-32-32-32z\"><\/path><\/svg><\/span>\n\t\t\t<span class='e-closed'><svg aria-hidden=\"true\" class=\"e-font-icon-svg e-fas-plus\" viewBox=\"0 0 448 512\" xmlns=\"http:\/\/www.w3.org\/2000\/svg\"><path d=\"M416 208H272V64c0-17.67-14.33-32-32-32h-32c-17.67 0-32 14.33-32 32v144H32c-17.67 0-32 14.33-32 32v32c0 17.67 14.33 32 32 32h144v144c0 17.67 14.33 32 32 32h32c17.67 0 32-14.33 32-32V304h144c17.67 0 32-14.33 32-32v-32c0-17.67-14.33-32-32-32z\"><\/path><\/svg><\/span>\n\t\t<\/span>\n\n\t\t\t\t\t\t<\/summary>\n\t\t\t\t<div role=\"region\" aria-labelledby=\"e-n-accordion-item-9640\" class=\"elementor-element elementor-element-03b99dd e-con-full e-flex e-con e-child\" data-id=\"03b99dd\" data-element_type=\"container\" data-e-type=\"container\">\n\t\t<div role=\"region\" aria-labelledby=\"e-n-accordion-item-9640\" class=\"elementor-element elementor-element-6702712 e-flex e-con-boxed e-con e-child\" data-id=\"6702712\" data-element_type=\"container\" data-e-type=\"container\">\n\t\t\t\t\t<div class=\"e-con-inner\">\n\t\t\t\t<div class=\"elementor-element elementor-element-78c45a4 elementor-widget elementor-widget-text-editor\" data-id=\"78c45a4\" data-element_type=\"widget\" data-e-type=\"widget\" data-widget_type=\"text-editor.default\">\n\t\t\t\t<div class=\"elementor-widget-container\">\n\t\t\t\t\t\t\t\t\t<p data-start=\"5674\" data-end=\"5851\">Les deux. Nous concevons, fabriquons et distribuons nos produits exclusivement aux professionnels de la beaut\u00e9.<\/p><p data-start=\"5853\" data-end=\"5977\">\u00a0<\/p>\t\t\t\t\t\t\t\t<\/div>\n\t\t\t\t<\/div>\n\t\t\t\t\t<\/div>\n\t\t\t\t<\/div>\n\t\t\t\t<\/div>\n\t\t\t\t\t<\/details>\n\t\t\t\t\t\t<details id=\"e-n-accordion-item-9641\" class=\"e-n-accordion-item\" >\n\t\t\t\t<summary class=\"e-n-accordion-item-title\" data-accordion-index=\"2\" tabindex=\"-1\" aria-expanded=\"false\" aria-controls=\"e-n-accordion-item-9641\" >\n\t\t\t\t\t<span class='e-n-accordion-item-title-header'><h3 class=\"e-n-accordion-item-title-text\"> Proposez-vous des formations ? <\/h3><\/span>\n\t\t\t\t\t\t\t<span class='e-n-accordion-item-title-icon'>\n\t\t\t<span class='e-opened' ><svg aria-hidden=\"true\" class=\"e-font-icon-svg e-fas-minus\" viewBox=\"0 0 448 512\" xmlns=\"http:\/\/www.w3.org\/2000\/svg\"><path d=\"M416 208H32c-17.67 0-32 14.33-32 32v32c0 17.67 14.33 32 32 32h384c17.67 0 32-14.33 32-32v-32c0-17.67-14.33-32-32-32z\"><\/path><\/svg><\/span>\n\t\t\t<span class='e-closed'><svg aria-hidden=\"true\" class=\"e-font-icon-svg e-fas-plus\" viewBox=\"0 0 448 512\" xmlns=\"http:\/\/www.w3.org\/2000\/svg\"><path d=\"M416 208H272V64c0-17.67-14.33-32-32-32h-32c-17.67 0-32 14.33-32 32v144H32c-17.67 0-32 14.33-32 32v32c0 17.67 14.33 32 32 32h144v144c0 17.67 14.33 32 32 32h32c17.67 0 32-14.33 32-32V304h144c17.67 0 32-14.33 32-32v-32c0-17.67-14.33-32-32-32z\"><\/path><\/svg><\/span>\n\t\t<\/span>\n\n\t\t\t\t\t\t<\/summary>\n\t\t\t\t<div role=\"region\" aria-labelledby=\"e-n-accordion-item-9641\" class=\"elementor-element elementor-element-af82ade e-con-full e-flex e-con e-child\" data-id=\"af82ade\" data-element_type=\"container\" data-e-type=\"container\">\n\t\t<div role=\"region\" aria-labelledby=\"e-n-accordion-item-9641\" class=\"elementor-element elementor-element-ac8fb6b e-flex e-con-boxed e-con e-child\" data-id=\"ac8fb6b\" data-element_type=\"container\" data-e-type=\"container\">\n\t\t\t\t\t<div class=\"e-con-inner\">\n\t\t\t\t<div class=\"elementor-element elementor-element-e8ab2d4 elementor-widget elementor-widget-text-editor\" data-id=\"e8ab2d4\" data-element_type=\"widget\" data-e-type=\"widget\" data-widget_type=\"text-editor.default\">\n\t\t\t\t<div class=\"elementor-widget-container\">\n\t\t\t\t\t\t\t\t\t<p>Oui, chaque partenaire b\u00e9n\u00e9ficie d\u2019un accompagnement technique et commercial complet.<\/p>\t\t\t\t\t\t\t\t<\/div>\n\t\t\t\t<\/div>\n\t\t\t\t\t<\/div>\n\t\t\t\t<\/div>\n\t\t\t\t<\/div>\n\t\t\t\t\t<\/details>\n\t\t\t\t\t\t<details id=\"e-n-accordion-item-9642\" class=\"e-n-accordion-item\" >\n\t\t\t\t<summary class=\"e-n-accordion-item-title\" data-accordion-index=\"3\" tabindex=\"-1\" aria-expanded=\"false\" aria-controls=\"e-n-accordion-item-9642\" >\n\t\t\t\t\t<span class='e-n-accordion-item-title-header'><h3 class=\"e-n-accordion-item-title-text\"> Vos produits sont-ils naturels ? <\/h3><\/span>\n\t\t\t\t\t\t\t<span class='e-n-accordion-item-title-icon'>\n\t\t\t<span class='e-opened' ><svg aria-hidden=\"true\" class=\"e-font-icon-svg e-fas-minus\" viewBox=\"0 0 448 512\" xmlns=\"http:\/\/www.w3.org\/2000\/svg\"><path d=\"M416 208H32c-17.67 0-32 14.33-32 32v32c0 17.67 14.33 32 32 32h384c17.67 0 32-14.33 32-32v-32c0-17.67-14.33-32-32-32z\"><\/path><\/svg><\/span>\n\t\t\t<span class='e-closed'><svg aria-hidden=\"true\" class=\"e-font-icon-svg e-fas-plus\" viewBox=\"0 0 448 512\" xmlns=\"http:\/\/www.w3.org\/2000\/svg\"><path d=\"M416 208H272V64c0-17.67-14.33-32-32-32h-32c-17.67 0-32 14.33-32 32v144H32c-17.67 0-32 14.33-32 32v32c0 17.67 14.33 32 32 32h144v144c0 17.67 14.33 32 32 32h32c17.67 0 32-14.33 32-32V304h144c17.67 0 32-14.33 32-32v-32c0-17.67-14.33-32-32-32z\"><\/path><\/svg><\/span>\n\t\t<\/span>\n\n\t\t\t\t\t\t<\/summary>\n\t\t\t\t<div role=\"region\" aria-labelledby=\"e-n-accordion-item-9642\" class=\"elementor-element elementor-element-b7a7763 e-con-full e-flex e-con e-child\" data-id=\"b7a7763\" data-element_type=\"container\" data-e-type=\"container\">\n\t\t<div role=\"region\" aria-labelledby=\"e-n-accordion-item-9642\" class=\"elementor-element elementor-element-d2437d4 e-flex e-con-boxed e-con e-child\" data-id=\"d2437d4\" data-element_type=\"container\" data-e-type=\"container\">\n\t\t\t\t\t<div class=\"e-con-inner\">\n\t\t\t\t<div class=\"elementor-element elementor-element-a49b8e9 elementor-widget elementor-widget-text-editor\" data-id=\"a49b8e9\" data-element_type=\"widget\" data-e-type=\"widget\" data-widget_type=\"text-editor.default\">\n\t\t\t\t<div class=\"elementor-widget-container\">\n\t\t\t\t\t\t\t\t\t<p>Nos formules contiennent jusqu\u2019\u00e0 98 % d\u2019ingr\u00e9dients d\u2019origine naturelle, associ\u00e9s \u00e0 des actifs scientifiques puissants.<\/p>\t\t\t\t\t\t\t\t<\/div>\n\t\t\t\t<\/div>\n\t\t\t\t\t<\/div>\n\t\t\t\t<\/div>\n\t\t\t\t<\/div>\n\t\t\t\t\t<\/details>\n\t\t\t\t\t\t<details id=\"e-n-accordion-item-9643\" class=\"e-n-accordion-item\" >\n\t\t\t\t<summary class=\"e-n-accordion-item-title\" data-accordion-index=\"4\" tabindex=\"-1\" aria-expanded=\"false\" aria-controls=\"e-n-accordion-item-9643\" >\n\t\t\t\t\t<span class='e-n-accordion-item-title-header'><h3 class=\"e-n-accordion-item-title-text\"> Comment ouvrir un compte professionnel ? <\/h3><\/span>\n\t\t\t\t\t\t\t<span class='e-n-accordion-item-title-icon'>\n\t\t\t<span class='e-opened' ><svg aria-hidden=\"true\" class=\"e-font-icon-svg e-fas-minus\" viewBox=\"0 0 448 512\" xmlns=\"http:\/\/www.w3.org\/2000\/svg\"><path d=\"M416 208H32c-17.67 0-32 14.33-32 32v32c0 17.67 14.33 32 32 32h384c17.67 0 32-14.33 32-32v-32c0-17.67-14.33-32-32-32z\"><\/path><\/svg><\/span>\n\t\t\t<span class='e-closed'><svg aria-hidden=\"true\" class=\"e-font-icon-svg e-fas-plus\" viewBox=\"0 0 448 512\" xmlns=\"http:\/\/www.w3.org\/2000\/svg\"><path d=\"M416 208H272V64c0-17.67-14.33-32-32-32h-32c-17.67 0-32 14.33-32 32v144H32c-17.67 0-32 14.33-32 32v32c0 17.67 14.33 32 32 32h144v144c0 17.67 14.33 32 32 32h32c17.67 0 32-14.33 32-32V304h144c17.67 0 32-14.33 32-32v-32c0-17.67-14.33-32-32-32z\"><\/path><\/svg><\/span>\n\t\t<\/span>\n\n\t\t\t\t\t\t<\/summary>\n\t\t\t\t<div role=\"region\" aria-labelledby=\"e-n-accordion-item-9643\" class=\"elementor-element elementor-element-f378f3a e-flex e-con-boxed e-con e-child\" data-id=\"f378f3a\" data-element_type=\"container\" data-e-type=\"container\">\n\t\t\t\t\t<div class=\"e-con-inner\">\n\t\t<div role=\"region\" aria-labelledby=\"e-n-accordion-item-9643\" class=\"elementor-element elementor-element-0ff2c7c e-con-full e-flex e-con e-child\" data-id=\"0ff2c7c\" data-element_type=\"container\" data-e-type=\"container\">\n\t\t\t\t<div class=\"elementor-element elementor-element-c973ac0 elementor-widget elementor-widget-text-editor\" data-id=\"c973ac0\" data-element_type=\"widget\" data-e-type=\"widget\" data-widget_type=\"text-editor.default\">\n\t\t\t\t<div class=\"elementor-widget-container\">\n\t\t\t\t\t\t\t\t\t<p>Rendez-vous sur la page <strong data-start=\"6212\" data-end=\"6223\">Contact<\/strong>, remplissez le formulaire, et notre \u00e9quipe vous recontactera pour activer votre compte pro.<\/p>\t\t\t\t\t\t\t\t<\/div>\n\t\t\t\t<\/div>\n\t\t\t\t<\/div>\n\t\t\t\t\t<\/div>\n\t\t\t\t<\/div>\n\t\t\t\t\t<\/details>\n\t\t\t\t\t<\/div>\n\t\t\t\t\t\t<\/div>\n\t\t\t\t<\/div>\n\t\t\t\t\t<\/div>\n\t\t\t\t<\/div>\n\t\t<div class=\"elementor-element elementor-element-fea21c1 e-flex e-con-boxed e-con e-parent\" data-id=\"fea21c1\" data-element_type=\"container\" data-e-type=\"container\">\n\t\t\t\t\t<div class=\"e-con-inner\">\n\t\t\t\t<div class=\"elementor-element elementor-element-d952d7d elementor-widget elementor-widget-text-editor\" data-id=\"d952d7d\" data-element_type=\"widget\" data-e-type=\"widget\" data-widget_type=\"text-editor.default\">\n\t\t\t\t<div class=\"elementor-widget-container\">\n\t\t\t\t\t\t\t\t\t<h3>Voir \u00e9galement:<\/h3><ul><li><a href=\"https:\/\/lucia-rapetti.pro\/cosmetique-pour-institut-de-beaute\/\">Cosm\u00e9tique pour institut de beaut\u00e9<\/a><\/li><li><a href=\"https:\/\/lucia-rapetti.pro\/produit-de-beaute-pour-institut\/\">Produit de beaut\u00e9 pour institut<\/a><\/li><\/ul>\t\t\t\t\t\t\t\t<\/div>\n\t\t\t\t<\/div>\n\t\t\t\t\t<\/div>\n\t\t\t\t<\/div>\n\t\t<div class=\"elementor-element elementor-element-494548d e-flex e-con-boxed e-con e-parent\" data-id=\"494548d\" data-element_type=\"container\" data-e-type=\"container\">\n\t\t\t\t\t<div class=\"e-con-inner\">\n\t\t\t\t<div class=\"elementor-element elementor-element-6859b1f elementor-widget elementor-widget-html\" data-id=\"6859b1f\" data-element_type=\"widget\" data-e-type=\"widget\" data-widget_type=\"html.default\">\n\t\t\t\t<div class=\"elementor-widget-container\">\n\t\t\t\t\t<script type=\"application\/ld+json\">\n{\n  \"@context\": \"https:\/\/schema.org\",\n  \"@type\": \"FAQPage\",\n  \"mainEntity\": [\n    {\n      \"@type\": \"Question\",\n      \"name\": \"Lucia Rapetti PRO est-elle une marque ou un fournisseur ?\",\n      \"acceptedAnswer\": {\n        \"@type\": \"Answer\",\n        \"text\": \"Les deux. Lucia Rapetti PRO con\u00e7oit, fabrique et distribue ses produits exclusivement aux professionnels de la beaut\u00e9 et aux instituts.\"\n      }\n    },\n    {\n      \"@type\": \"Question\",\n      \"name\": \"Proposez-vous des formations professionnelles ?\",\n      \"acceptedAnswer\": {\n        \"@type\": \"Answer\",\n        \"text\": \"Oui, chaque partenaire b\u00e9n\u00e9ficie de formations techniques et commerciales pour ma\u00eetriser les protocoles Lucia Rapetti et d\u00e9velopper la revente cabine.\"\n      }\n    },\n    {\n      \"@type\": \"Question\",\n      \"name\": \"Vos produits sont-ils naturels ?\",\n      \"acceptedAnswer\": {\n        \"@type\": \"Answer\",\n        \"text\": \"Nos formules contiennent jusqu\u2019\u00e0 98 % d\u2019ingr\u00e9dients d\u2019origine naturelle, associ\u00e9es \u00e0 des biotechnologies pour garantir efficacit\u00e9 et s\u00e9curit\u00e9.\"\n      }\n    },\n    {\n      \"@type\": \"Question\",\n      \"name\": \"Comment ouvrir un compte professionnel ?\",\n      \"acceptedAnswer\": {\n        \"@type\": \"Answer\",\n        \"text\": \"Rendez-vous sur la page Contact du site Lucia Rapetti PRO, remplissez le formulaire et notre \u00e9quipe vous contactera pour activer votre compte professionnel.\"\n      }\n    }\n  ]\n}\n<\/script>\n\t\t\t\t<\/div>\n\t\t\t\t<\/div>\n\t\t\t\t\t<\/div>\n\t\t\t\t<\/div>\n\t\t\t\t<\/div>\n\t\t","protected":false},"excerpt":{"rendered":"<p>Fournisseur cosm\u00e9tique professionnel Marque &amp; partenaire des instituts de beaut\u00e9 exigeants Lucia Rapetti PRO est \u00e0 la fois une marque de cosm\u00e9tique professionnelle et un fournisseur d\u00e9di\u00e9 aux instituts de beaut\u00e9, spas et esth\u00e9ticiennes.Notre mission : proposer des soins professionnels performants et accompagner les esth\u00e9ticiennes dans le d\u00e9veloppement de leur activit\u00e9. Plus qu\u2019un simple fournisseur, [&hellip;]<\/p>\n","protected":false},"author":1,"featured_media":0,"parent":0,"menu_order":0,"comment_status":"closed","ping_status":"closed","template":"","meta":{"_acf_changed":false,"_mo_disable_npp":"","site-sidebar-layout":"no-sidebar","site-content-layout":"page-builder","ast-site-content-layout":"full-width-container","site-content-style":"unboxed","site-sidebar-style":"unboxed","ast-global-header-display":"","ast-banner-title-visibility":"","ast-main-header-display":"","ast-hfb-above-header-display":"","ast-hfb-below-header-display":"","ast-hfb-mobile-header-display":"","site-post-title":"disabled","ast-breadcrumbs-content":"","ast-featured-img":"disabled","footer-sml-layout":"","ast-disable-related-posts":"","theme-transparent-header-meta":"disabled","adv-header-id-meta":"","stick-header-meta":"","header-above-stick-meta":"","header-main-stick-meta":"","header-below-stick-meta":"","astra-migrate-meta-layouts":"set","ast-page-background-enabled":"default","ast-page-background-meta":{"desktop":{"background-color":"var(--ast-global-color-4)","background-image":"","background-repeat":"repeat","background-position":"center center","background-size":"auto","background-attachment":"scroll","background-type":"","background-media":"","overlay-type":"","overlay-color":"","overlay-opacity":"","overlay-gradient":""},"tablet":{"background-color":"","background-image":"","background-repeat":"repeat","background-position":"center center","background-size":"auto","background-attachment":"scroll","background-type":"","background-media":"","overlay-type":"","overlay-color":"","overlay-opacity":"","overlay-gradient":""},"mobile":{"background-color":"","background-image":"","background-repeat":"repeat","background-position":"center center","background-size":"auto","background-attachment":"scroll","background-type":"","background-media":"","overlay-type":"","overlay-color":"","overlay-opacity":"","overlay-gradient":""}},"ast-content-background-meta":{"desktop":{"background-color":"var(--ast-global-color-5)","background-image":"","background-repeat":"repeat","background-position":"center center","background-size":"auto","background-attachment":"scroll","background-type":"","background-media":"","overlay-type":"","overlay-color":"","overlay-opacity":"","overlay-gradient":""},"tablet":{"background-color":"var(--ast-global-color-5)","background-image":"","background-repeat":"repeat","background-position":"center center","background-size":"auto","background-attachment":"scroll","background-type":"","background-media":"","overlay-type":"","overlay-color":"","overlay-opacity":"","overlay-gradient":""},"mobile":{"background-color":"var(--ast-global-color-5)","background-image":"","background-repeat":"repeat","background-position":"center center","background-size":"auto","background-attachment":"scroll","background-type":"","background-media":"","overlay-type":"","overlay-color":"","overlay-opacity":"","overlay-gradient":""}},"footnotes":""},"class_list":["post-6575","page","type-page","status-publish","hentry"],"acf":[],"yoast_head":"<!-- This site is optimized with the Yoast SEO plugin v27.5 - https:\/\/yoast.com\/product\/yoast-seo-wordpress\/ -->\n<title>Fournisseur cosm\u00e9tique professionnel pour instituts | Lucia Rapetti<\/title>\n<meta name=\"description\" content=\"Lucia Rapetti, marque et fournisseur de cosm\u00e9tiques professionnels pour instituts et esth\u00e9ticiennes. Soins visage et corps naturel.\" \/>\n<meta name=\"robots\" content=\"index, follow, max-snippet:-1, max-image-preview:large, max-video-preview:-1\" \/>\n<link rel=\"canonical\" href=\"https:\/\/lucia-rapetti.pro\/it\/fornitore-professionale-di-cosmetici\/\" \/>\n<meta property=\"og:locale\" content=\"it_IT\" \/>\n<meta property=\"og:type\" content=\"article\" \/>\n<meta property=\"og:title\" content=\"Fournisseur cosm\u00e9tique professionnel pour instituts | Lucia Rapetti\" \/>\n<meta property=\"og:description\" content=\"Lucia Rapetti, marque et fournisseur de cosm\u00e9tiques professionnels pour instituts et esth\u00e9ticiennes. Soins visage et corps naturel.\" \/>\n<meta property=\"og:url\" content=\"https:\/\/lucia-rapetti.pro\/it\/fornitore-professionale-di-cosmetici\/\" \/>\n<meta property=\"og:site_name\" content=\"Lucia Rapetti Laboratoire Naturel\" \/>\n<meta property=\"article:publisher\" content=\"https:\/\/www.facebook.com\/luciarapettiofficial\" \/>\n<meta property=\"article:modified_time\" content=\"2025-10-14T13:08:19+00:00\" \/>\n<meta property=\"og:image\" content=\"https:\/\/lucia-rapetti.pro\/wp-content\/uploads\/2024\/03\/LR-sito-gamme-gruppi7-1.png\" \/>\n<meta name=\"twitter:card\" content=\"summary_large_image\" \/>\n<meta name=\"twitter:label1\" content=\"Tempo di lettura stimato\" \/>\n\t<meta name=\"twitter:data1\" content=\"5 minuti\" \/>\n<script type=\"application\/ld+json\" class=\"yoast-schema-graph\">{\"@context\":\"https:\\\/\\\/schema.org\",\"@graph\":[{\"@type\":\"WebPage\",\"@id\":\"https:\\\/\\\/lucia-rapetti.pro\\\/fournisseur-cosmetique-professionnel\\\/\",\"url\":\"https:\\\/\\\/lucia-rapetti.pro\\\/fournisseur-cosmetique-professionnel\\\/\",\"name\":\"Fournisseur cosm\u00e9tique professionnel pour instituts | Lucia Rapetti\",\"isPartOf\":{\"@id\":\"https:\\\/\\\/lucia-rapetti.pro\\\/#website\"},\"primaryImageOfPage\":{\"@id\":\"https:\\\/\\\/lucia-rapetti.pro\\\/fournisseur-cosmetique-professionnel\\\/#primaryimage\"},\"image\":{\"@id\":\"https:\\\/\\\/lucia-rapetti.pro\\\/fournisseur-cosmetique-professionnel\\\/#primaryimage\"},\"thumbnailUrl\":\"https:\\\/\\\/lucia-rapetti.pro\\\/wp-content\\\/uploads\\\/2024\\\/03\\\/LR-sito-gamme-gruppi7-1.png\",\"datePublished\":\"2025-10-14T09:45:42+00:00\",\"dateModified\":\"2025-10-14T13:08:19+00:00\",\"description\":\"Lucia Rapetti, marque et fournisseur de cosm\u00e9tiques professionnels pour instituts et esth\u00e9ticiennes. Soins visage et corps naturel.\",\"breadcrumb\":{\"@id\":\"https:\\\/\\\/lucia-rapetti.pro\\\/fournisseur-cosmetique-professionnel\\\/#breadcrumb\"},\"inLanguage\":\"it-IT\",\"potentialAction\":[{\"@type\":\"ReadAction\",\"target\":[\"https:\\\/\\\/lucia-rapetti.pro\\\/fournisseur-cosmetique-professionnel\\\/\"]}]},{\"@type\":\"ImageObject\",\"inLanguage\":\"it-IT\",\"@id\":\"https:\\\/\\\/lucia-rapetti.pro\\\/fournisseur-cosmetique-professionnel\\\/#primaryimage\",\"url\":\"https:\\\/\\\/lucia-rapetti.pro\\\/wp-content\\\/uploads\\\/2024\\\/03\\\/LR-sito-gamme-gruppi7-1.png\",\"contentUrl\":\"https:\\\/\\\/lucia-rapetti.pro\\\/wp-content\\\/uploads\\\/2024\\\/03\\\/LR-sito-gamme-gruppi7-1.png\"},{\"@type\":\"BreadcrumbList\",\"@id\":\"https:\\\/\\\/lucia-rapetti.pro\\\/fournisseur-cosmetique-professionnel\\\/#breadcrumb\",\"itemListElement\":[{\"@type\":\"ListItem\",\"position\":1,\"name\":\"Accueil\",\"item\":\"https:\\\/\\\/lucia-rapetti.pro\\\/\"},{\"@type\":\"ListItem\",\"position\":2,\"name\":\"Fournisseur cosm\u00e9tique professionnel\"}]},{\"@type\":\"WebSite\",\"@id\":\"https:\\\/\\\/lucia-rapetti.pro\\\/#website\",\"url\":\"https:\\\/\\\/lucia-rapetti.pro\\\/\",\"name\":\"Lucia Rapetti Laboratoire Naturel pour professionnel\",\"description\":\"Laboratoire de cosm\u00e9tique naturel et beaut\u00e9 pour institut et professionnel\",\"publisher\":{\"@id\":\"https:\\\/\\\/lucia-rapetti.pro\\\/#organization\"},\"alternateName\":\"Lucia Rapetti Pro\",\"potentialAction\":[{\"@type\":\"SearchAction\",\"target\":{\"@type\":\"EntryPoint\",\"urlTemplate\":\"https:\\\/\\\/lucia-rapetti.pro\\\/?s={search_term_string}\"},\"query-input\":{\"@type\":\"PropertyValueSpecification\",\"valueRequired\":true,\"valueName\":\"search_term_string\"}}],\"inLanguage\":\"it-IT\"},{\"@type\":\"Organization\",\"@id\":\"https:\\\/\\\/lucia-rapetti.pro\\\/#organization\",\"name\":\"Lucia Rapetti Laboratoire Naturel\",\"alternateName\":\"LR Pro\",\"url\":\"https:\\\/\\\/lucia-rapetti.pro\\\/\",\"logo\":{\"@type\":\"ImageObject\",\"inLanguage\":\"it-IT\",\"@id\":\"https:\\\/\\\/lucia-rapetti.pro\\\/#\\\/schema\\\/logo\\\/image\\\/\",\"url\":\"https:\\\/\\\/lucia-rapetti.pro\\\/wp-content\\\/uploads\\\/2023\\\/04\\\/cropped-lucia-rapetti-logo-1.png\",\"contentUrl\":\"https:\\\/\\\/lucia-rapetti.pro\\\/wp-content\\\/uploads\\\/2023\\\/04\\\/cropped-lucia-rapetti-logo-1.png\",\"width\":850,\"height\":142,\"caption\":\"Lucia Rapetti Laboratoire Naturel\"},\"image\":{\"@id\":\"https:\\\/\\\/lucia-rapetti.pro\\\/#\\\/schema\\\/logo\\\/image\\\/\"},\"sameAs\":[\"https:\\\/\\\/www.facebook.com\\\/luciarapettiofficial\",\"https:\\\/\\\/www.instagram.com\\\/luciarapettiofficial\\\/\"]}]}<\/script>\n<!-- \/ Yoast SEO plugin. -->","yoast_head_json":{"title":"Fornitore di cosmetici professionali per saloni di bellezza | Lucia Rapetti","description":"Lucia Rapetti, marchio e fornitore di cosmetici professionali per saloni di bellezza ed estetisti. Trattamenti naturali per il viso e il corpo.","robots":{"index":"index","follow":"follow","max-snippet":"max-snippet:-1","max-image-preview":"max-image-preview:large","max-video-preview":"max-video-preview:-1"},"canonical":"https:\/\/lucia-rapetti.pro\/it\/fornitore-professionale-di-cosmetici\/","og_locale":"it_IT","og_type":"article","og_title":"Fournisseur cosm\u00e9tique professionnel pour instituts | Lucia Rapetti","og_description":"Lucia Rapetti, marque et fournisseur de cosm\u00e9tiques professionnels pour instituts et esth\u00e9ticiennes. Soins visage et corps naturel.","og_url":"https:\/\/lucia-rapetti.pro\/it\/fornitore-professionale-di-cosmetici\/","og_site_name":"Lucia Rapetti Laboratoire Naturel","article_publisher":"https:\/\/www.facebook.com\/luciarapettiofficial","article_modified_time":"2025-10-14T13:08:19+00:00","og_image":[{"url":"https:\/\/lucia-rapetti.pro\/wp-content\/uploads\/2024\/03\/LR-sito-gamme-gruppi7-1.png","type":"","width":"","height":""}],"twitter_card":"summary_large_image","twitter_misc":{"Tempo di lettura stimato":"5 minuti"},"schema":{"@context":"https:\/\/schema.org","@graph":[{"@type":"WebPage","@id":"https:\/\/lucia-rapetti.pro\/fournisseur-cosmetique-professionnel\/","url":"https:\/\/lucia-rapetti.pro\/fournisseur-cosmetique-professionnel\/","name":"Fornitore di cosmetici professionali per saloni di bellezza | Lucia Rapetti","isPartOf":{"@id":"https:\/\/lucia-rapetti.pro\/#website"},"primaryImageOfPage":{"@id":"https:\/\/lucia-rapetti.pro\/fournisseur-cosmetique-professionnel\/#primaryimage"},"image":{"@id":"https:\/\/lucia-rapetti.pro\/fournisseur-cosmetique-professionnel\/#primaryimage"},"thumbnailUrl":"https:\/\/lucia-rapetti.pro\/wp-content\/uploads\/2024\/03\/LR-sito-gamme-gruppi7-1.png","datePublished":"2025-10-14T09:45:42+00:00","dateModified":"2025-10-14T13:08:19+00:00","description":"Lucia Rapetti, marchio e fornitore di cosmetici professionali per saloni di bellezza ed estetisti. Trattamenti naturali per il viso e il corpo.","breadcrumb":{"@id":"https:\/\/lucia-rapetti.pro\/fournisseur-cosmetique-professionnel\/#breadcrumb"},"inLanguage":"it-IT","potentialAction":[{"@type":"ReadAction","target":["https:\/\/lucia-rapetti.pro\/fournisseur-cosmetique-professionnel\/"]}]},{"@type":"ImageObject","inLanguage":"it-IT","@id":"https:\/\/lucia-rapetti.pro\/fournisseur-cosmetique-professionnel\/#primaryimage","url":"https:\/\/lucia-rapetti.pro\/wp-content\/uploads\/2024\/03\/LR-sito-gamme-gruppi7-1.png","contentUrl":"https:\/\/lucia-rapetti.pro\/wp-content\/uploads\/2024\/03\/LR-sito-gamme-gruppi7-1.png"},{"@type":"BreadcrumbList","@id":"https:\/\/lucia-rapetti.pro\/fournisseur-cosmetique-professionnel\/#breadcrumb","itemListElement":[{"@type":"ListItem","position":1,"name":"Accueil","item":"https:\/\/lucia-rapetti.pro\/"},{"@type":"ListItem","position":2,"name":"Fournisseur cosm\u00e9tique professionnel"}]},{"@type":"WebSite","@id":"https:\/\/lucia-rapetti.pro\/#website","url":"https:\/\/lucia-rapetti.pro\/","name":"Lucia Rapetti Laboratorio naturale per professionisti","description":"Laboratorio di cosmesi naturale e di bellezza per istituti e professionisti","publisher":{"@id":"https:\/\/lucia-rapetti.pro\/#organization"},"alternateName":"Lucia Rapetti Pro","potentialAction":[{"@type":"SearchAction","target":{"@type":"EntryPoint","urlTemplate":"https:\/\/lucia-rapetti.pro\/?s={search_term_string}"},"query-input":{"@type":"PropertyValueSpecification","valueRequired":true,"valueName":"search_term_string"}}],"inLanguage":"it-IT"},{"@type":"Organization","@id":"https:\/\/lucia-rapetti.pro\/#organization","name":"Lucia Rapetti Laboratoire Naturel","alternateName":"LR Pro","url":"https:\/\/lucia-rapetti.pro\/","logo":{"@type":"ImageObject","inLanguage":"it-IT","@id":"https:\/\/lucia-rapetti.pro\/#\/schema\/logo\/image\/","url":"https:\/\/lucia-rapetti.pro\/wp-content\/uploads\/2023\/04\/cropped-lucia-rapetti-logo-1.png","contentUrl":"https:\/\/lucia-rapetti.pro\/wp-content\/uploads\/2023\/04\/cropped-lucia-rapetti-logo-1.png","width":850,"height":142,"caption":"Lucia Rapetti Laboratoire Naturel"},"image":{"@id":"https:\/\/lucia-rapetti.pro\/#\/schema\/logo\/image\/"},"sameAs":["https:\/\/www.facebook.com\/luciarapettiofficial","https:\/\/www.instagram.com\/luciarapettiofficial\/"]}]}},"_links":{"self":[{"href":"https:\/\/lucia-rapetti.pro\/it\/wp-json\/wp\/v2\/pages\/6575","targetHints":{"allow":["GET"]}}],"collection":[{"href":"https:\/\/lucia-rapetti.pro\/it\/wp-json\/wp\/v2\/pages"}],"about":[{"href":"https:\/\/lucia-rapetti.pro\/it\/wp-json\/wp\/v2\/types\/page"}],"author":[{"embeddable":true,"href":"https:\/\/lucia-rapetti.pro\/it\/wp-json\/wp\/v2\/users\/1"}],"replies":[{"embeddable":true,"href":"https:\/\/lucia-rapetti.pro\/it\/wp-json\/wp\/v2\/comments?post=6575"}],"version-history":[{"count":34,"href":"https:\/\/lucia-rapetti.pro\/it\/wp-json\/wp\/v2\/pages\/6575\/revisions"}],"predecessor-version":[{"id":6637,"href":"https:\/\/lucia-rapetti.pro\/it\/wp-json\/wp\/v2\/pages\/6575\/revisions\/6637"}],"wp:attachment":[{"href":"https:\/\/lucia-rapetti.pro\/it\/wp-json\/wp\/v2\/media?parent=6575"}],"curies":[{"name":"wp","href":"https:\/\/api.w.org\/{rel}","templated":true}]}}