{"id":18,"date":"2022-06-17T07:30:39","date_gmt":"2022-06-17T05:30:39","guid":{"rendered":"https:\/\/client.comanddesign.com\/home\/"},"modified":"2026-04-23T09:44:31","modified_gmt":"2026-04-23T07:44:31","slug":"lucia-rapetti","status":"publish","type":"page","link":"https:\/\/lucia-rapetti.pro\/de\/","title":{"rendered":"Lucia Rapetti"},"content":{"rendered":"\t\t<div data-elementor-type=\"wp-page\" data-elementor-id=\"18\" class=\"elementor elementor-18\" data-elementor-post-type=\"page\">\n\t\t\t\t\t\t<section class=\"elementor-section elementor-top-section elementor-element elementor-element-3e3df3f elementor-section-height-min-height elementor-section-boxed elementor-section-height-default elementor-section-items-middle\" data-id=\"3e3df3f\" data-element_type=\"section\" data-e-type=\"section\" data-settings=\"{&quot;background_background&quot;:&quot;classic&quot;}\">\n\t\t\t\t\t\t\t<div class=\"elementor-background-overlay\"><\/div>\n\t\t\t\t\t\t\t<div class=\"elementor-container elementor-column-gap-no\">\n\t\t\t\t\t<div class=\"elementor-column elementor-col-100 elementor-top-column elementor-element elementor-element-c491425\" data-id=\"c491425\" data-element_type=\"column\" data-e-type=\"column\" data-settings=\"{&quot;background_background&quot;:&quot;classic&quot;}\">\n\t\t\t<div class=\"elementor-widget-wrap elementor-element-populated\">\n\t\t\t\t\t\t<div class=\"elementor-element elementor-element-76c0a8d elementor-widget__width-initial elementor-widget elementor-widget-heading\" data-id=\"76c0a8d\" data-element_type=\"widget\" data-e-type=\"widget\" data-widget_type=\"heading.default\">\n\t\t\t\t<div class=\"elementor-widget-container\">\n\t\t\t\t\t<p class=\"elementor-heading-title elementor-size-default\">Un autre chemin<br>vers la beaut\u00e9<\/p>\t\t\t\t<\/div>\n\t\t\t\t<\/div>\n\t\t\t\t<div class=\"elementor-element elementor-element-d04eac3 elementor-mobile-align-center elementor-tablet-align-center elementor-widget elementor-widget-button\" data-id=\"d04eac3\" data-element_type=\"widget\" data-e-type=\"widget\" data-widget_type=\"button.default\">\n\t\t\t\t<div class=\"elementor-widget-container\">\n\t\t\t\t\t\t\t\t\t<div class=\"elementor-button-wrapper\">\n\t\t\t\t\t<a class=\"elementor-button elementor-button-link elementor-size-sm\" href=\"https:\/\/lucia-rapetti.pro\/devenir-partenaires\/\">\n\t\t\t\t\t\t<span class=\"elementor-button-content-wrapper\">\n\t\t\t\t\t\t\t\t\t<span class=\"elementor-button-text\">devenir partenaires<\/span>\n\t\t\t\t\t<\/span>\n\t\t\t\t\t<\/a>\n\t\t\t\t<\/div>\n\t\t\t\t\t\t\t\t<\/div>\n\t\t\t\t<\/div>\n\t\t\t\t\t<\/div>\n\t\t<\/div>\n\t\t\t\t\t<\/div>\n\t\t<\/section>\n\t\t<div class=\"elementor-element elementor-element-b22a922 e-flex e-con-boxed e-con e-parent\" data-id=\"b22a922\" data-element_type=\"container\" data-e-type=\"container\">\n\t\t\t\t\t<div class=\"e-con-inner\">\n\t\t\t\t<div class=\"elementor-element elementor-element-803585c elementor-widget elementor-widget-heading\" data-id=\"803585c\" data-element_type=\"widget\" data-e-type=\"widget\" data-widget_type=\"heading.default\">\n\t\t\t\t<div class=\"elementor-widget-container\">\n\t\t\t\t\t<h1 class=\"elementor-heading-title elementor-size-default\">Produit cosm\u00e9tique professionnel pour institut de beaut\u00e9<\/h1>\t\t\t\t<\/div>\n\t\t\t\t<\/div>\n\t\t\t\t<div class=\"elementor-element elementor-element-f440384 elementor-widget elementor-widget-text-editor\" data-id=\"f440384\" data-element_type=\"widget\" data-e-type=\"widget\" data-widget_type=\"text-editor.default\">\n\t\t\t\t<div class=\"elementor-widget-container\">\n\t\t\t\t\t\t\t\t\t<p style=\"text-align: center;\" data-start=\"616\" data-end=\"937\">Lucia Rapetti Pro propose une <strong data-start=\"646\" data-end=\"703\">gamme compl\u00e8te de produits cosm\u00e9tiques professionnels<\/strong> d\u00e9di\u00e9s aux <strong data-start=\"715\" data-end=\"738\">instituts de beaut\u00e9<\/strong> et <strong data-start=\"742\" data-end=\"771\">esth\u00e9ticiennes exigeantes<\/strong>.<br data-start=\"772\" data-end=\"775\" \/>Entre science, nature et sensorialit\u00e9, chaque soin professionnel est formul\u00e9 pour <strong data-start=\"857\" data-end=\"890\">offrir des r\u00e9sultats visibles<\/strong> et une <strong data-start=\"898\" data-end=\"926\">exp\u00e9rience haut de gamme<\/strong> en cabine.<\/p><p style=\"text-align: center;\" data-start=\"939\" data-end=\"1037\"><em data-start=\"942\" data-end=\"1037\">Des produits professionnels, une expertise reconnue, une marque partenaire de votre r\u00e9ussite.<\/em><\/p>\t\t\t\t\t\t\t\t<\/div>\n\t\t\t\t<\/div>\n\t\t\t\t\t<\/div>\n\t\t\t\t<\/div>\n\t\t\t\t<section class=\"elementor-section elementor-top-section elementor-element elementor-element-8441e2b elementor-section-boxed elementor-section-height-default elementor-section-height-default\" data-id=\"8441e2b\" data-element_type=\"section\" data-e-type=\"section\" data-settings=\"{&quot;background_background&quot;:&quot;classic&quot;}\">\n\t\t\t\t\t\t<div class=\"elementor-container elementor-column-gap-no\">\n\t\t\t\t\t<div class=\"elementor-column elementor-col-50 elementor-top-column elementor-element elementor-element-f4c651e\" data-id=\"f4c651e\" data-element_type=\"column\" data-e-type=\"column\">\n\t\t\t<div class=\"elementor-widget-wrap elementor-element-populated\">\n\t\t\t\t\t\t<div class=\"elementor-element elementor-element-e236d43 elementor-widget elementor-widget-heading\" data-id=\"e236d43\" data-element_type=\"widget\" data-e-type=\"widget\" data-widget_type=\"heading.default\">\n\t\t\t\t<div class=\"elementor-widget-container\">\n\t\t\t\t\t<p class=\"elementor-heading-title elementor-size-default\">Un autre chemin vers la beaut\u00e9<\/p>\t\t\t\t<\/div>\n\t\t\t\t<\/div>\n\t\t\t\t<div class=\"elementor-element elementor-element-0269e55 elementor-widget elementor-widget-heading\" data-id=\"0269e55\" data-element_type=\"widget\" data-e-type=\"widget\" data-widget_type=\"heading.default\">\n\t\t\t\t<div class=\"elementor-widget-container\">\n\t\t\t\t\t<h2 class=\"elementor-heading-title elementor-size-default\">Un nouvel horizon pour votre profession.<\/h2>\t\t\t\t<\/div>\n\t\t\t\t<\/div>\n\t\t\t\t<div class=\"elementor-element elementor-element-6a7eae1 elementor-widget elementor-widget-text-editor\" data-id=\"6a7eae1\" data-element_type=\"widget\" data-e-type=\"widget\" data-widget_type=\"text-editor.default\">\n\t\t\t\t<div class=\"elementor-widget-container\">\n\t\t\t\t\t\t\t\t\t<p>En tant que sp\u00e9cialistes de la beaut\u00e9, vous \u00eates les \u00ab\u00a0gardiennes du bien-\u00eatre et de l&#8217;estime de soi\u00a0\u00bb de vos clients. C&#8217;est pourquoi nous avons con\u00e7u Lucia Rapetti, une <a href=\"https:\/\/lucia-rapetti.pro\/fournisseur-de-cosmetiques-pour-institut-de-beaute\/marque-de-cosmetique-pour-institut-de-beaute\/\">marque cosm\u00e9tique pour institut de beaut\u00e9<\/a> qui va au-del\u00e0 des simples traitements esth\u00e9tiques pour s&#8217;attaquer aux racines m\u00eames des probl\u00e8mes esth\u00e9tiques.\u00a0<\/p><p class=\"p1\">Notre philosophie puise ses fondements dans l\u2019holistique, o\u00f9 chaque individu est consid\u00e9r\u00e9 dans sa globalit\u00e9. Avec la M\u00e9thode Globale de Soin\u00ae, nous vous proposons une approche personnalis\u00e9e prenant en compte tous les aspects qui d\u00e9finissent une personne : son terrain physique, son \u00e9tat mental, son environnement et son style de vie.<\/p><p>Exclusivement r\u00e9serv\u00e9e aux instituts de beaut\u00e9 et aux spas, la marque Lucia Rapetti\u00ae s&#8217;int\u00e8gre harmonieusement dans ces havres de relaxation, offrant des protocoles uniques et des produits cosm\u00e9tiques professionnels Clean Beauty haut de gamme pour le visage et le corps, ainsi que des compl\u00e9ments alimentaires soigneusement s\u00e9lectionn\u00e9s.<\/p>\t\t\t\t\t\t\t\t<\/div>\n\t\t\t\t<\/div>\n\t\t\t\t<div class=\"elementor-element elementor-element-f197a29 elementor-mobile-align-center elementor-tablet-align-center elementor-widget elementor-widget-button\" data-id=\"f197a29\" data-element_type=\"widget\" data-e-type=\"widget\" data-widget_type=\"button.default\">\n\t\t\t\t<div class=\"elementor-widget-container\">\n\t\t\t\t\t\t\t\t\t<div class=\"elementor-button-wrapper\">\n\t\t\t\t\t<a class=\"elementor-button elementor-button-link elementor-size-sm\" href=\"https:\/\/lucia-rapetti.pro\/de\/partner-werden\/\">\n\t\t\t\t\t\t<span class=\"elementor-button-content-wrapper\">\n\t\t\t\t\t\t\t\t\t<span class=\"elementor-button-text\">Contactez-nous<\/span>\n\t\t\t\t\t<\/span>\n\t\t\t\t\t<\/a>\n\t\t\t\t<\/div>\n\t\t\t\t\t\t\t\t<\/div>\n\t\t\t\t<\/div>\n\t\t\t\t\t<\/div>\n\t\t<\/div>\n\t\t\t\t<div class=\"elementor-column elementor-col-50 elementor-top-column elementor-element elementor-element-ecc0bf3\" data-id=\"ecc0bf3\" data-element_type=\"column\" data-e-type=\"column\" data-settings=\"{&quot;background_background&quot;:&quot;classic&quot;}\">\n\t\t\t<div class=\"elementor-widget-wrap elementor-element-populated\">\n\t\t\t\t\t\t<div class=\"elementor-element elementor-element-f165104 elementor-widget elementor-widget-spacer\" data-id=\"f165104\" data-element_type=\"widget\" data-e-type=\"widget\" data-widget_type=\"spacer.default\">\n\t\t\t\t<div class=\"elementor-widget-container\">\n\t\t\t\t\t\t\t<div class=\"elementor-spacer\">\n\t\t\t<div class=\"elementor-spacer-inner\"><\/div>\n\t\t<\/div>\n\t\t\t\t\t\t<\/div>\n\t\t\t\t<\/div>\n\t\t\t\t\t<\/div>\n\t\t<\/div>\n\t\t\t\t\t<\/div>\n\t\t<\/section>\n\t\t\t\t<section class=\"elementor-section elementor-top-section elementor-element elementor-element-488e2de3 elementor-section-content-middle elementor-reverse-mobile elementor-section-boxed elementor-section-height-default elementor-section-height-default\" data-id=\"488e2de3\" data-element_type=\"section\" data-e-type=\"section\" data-settings=\"{&quot;background_background&quot;:&quot;classic&quot;}\">\n\t\t\t\t\t\t<div class=\"elementor-container elementor-column-gap-no\">\n\t\t\t\t\t<div class=\"elementor-column elementor-col-50 elementor-top-column elementor-element elementor-element-2931ba4f\" data-id=\"2931ba4f\" data-element_type=\"column\" data-e-type=\"column\" data-settings=\"{&quot;background_background&quot;:&quot;classic&quot;}\">\n\t\t\t<div class=\"elementor-widget-wrap elementor-element-populated\">\n\t\t\t\t\t\t<div class=\"elementor-element elementor-element-57b42b00 elementor-widget elementor-widget-image\" data-id=\"57b42b00\" data-element_type=\"widget\" data-e-type=\"widget\" data-widget_type=\"image.default\">\n\t\t\t\t<div class=\"elementor-widget-container\">\n\t\t\t\t\t\t\t\t\t\t\t\t\t\t\t<img fetchpriority=\"high\" decoding=\"async\" width=\"1068\" height=\"1300\" src=\"https:\/\/lucia-rapetti.pro\/wp-content\/uploads\/2024\/03\/LR-sito-PG-vert3.jpg\" class=\"attachment-full size-full wp-image-4437\" alt=\"Femme d\u00e9tendue apr\u00e8s un soin professionnel Lucia Rapetti, symbole du bien-\u00eatre procur\u00e9 par les produits cosm\u00e9tiques professionnels pour instituts.\" srcset=\"https:\/\/lucia-rapetti.pro\/wp-content\/uploads\/2024\/03\/LR-sito-PG-vert3.jpg 1068w, https:\/\/lucia-rapetti.pro\/wp-content\/uploads\/2024\/03\/LR-sito-PG-vert3-246x300.jpg 246w, https:\/\/lucia-rapetti.pro\/wp-content\/uploads\/2024\/03\/LR-sito-PG-vert3-841x1024.jpg 841w, https:\/\/lucia-rapetti.pro\/wp-content\/uploads\/2024\/03\/LR-sito-PG-vert3-768x935.jpg 768w, https:\/\/lucia-rapetti.pro\/wp-content\/uploads\/2024\/03\/LR-sito-PG-vert3-10x12.jpg 10w\" sizes=\"(max-width: 1068px) 100vw, 1068px\" \/>\t\t\t\t\t\t\t\t\t\t\t\t\t\t\t<\/div>\n\t\t\t\t<\/div>\n\t\t\t\t\t<\/div>\n\t\t<\/div>\n\t\t\t\t<div class=\"elementor-column elementor-col-50 elementor-top-column elementor-element elementor-element-67e79959\" data-id=\"67e79959\" data-element_type=\"column\" data-e-type=\"column\">\n\t\t\t<div class=\"elementor-widget-wrap elementor-element-populated\">\n\t\t\t\t\t\t<div class=\"elementor-element elementor-element-7422753b elementor-widget elementor-widget-heading\" data-id=\"7422753b\" data-element_type=\"widget\" data-e-type=\"widget\" data-widget_type=\"heading.default\">\n\t\t\t\t<div class=\"elementor-widget-container\">\n\t\t\t\t\t<p class=\"elementor-heading-title elementor-size-default\">Une beaut\u00e9 \u00e9quilibr\u00e9e<\/p>\t\t\t\t<\/div>\n\t\t\t\t<\/div>\n\t\t\t\t<div class=\"elementor-element elementor-element-49e4f803 elementor-widget elementor-widget-heading\" data-id=\"49e4f803\" data-element_type=\"widget\" data-e-type=\"widget\" data-widget_type=\"heading.default\">\n\t\t\t\t<div class=\"elementor-widget-container\">\n\t\t\t\t\t<h2 class=\"elementor-heading-title elementor-size-default\">Des produits cosm\u00e9tiques professionnels con\u00e7us pour les esth\u00e9ticiennes<\/h2>\t\t\t\t<\/div>\n\t\t\t\t<\/div>\n\t\t\t\t<div class=\"elementor-element elementor-element-15314482 elementor-widget elementor-widget-text-editor\" data-id=\"15314482\" data-element_type=\"widget\" data-e-type=\"widget\" data-widget_type=\"text-editor.default\">\n\t\t\t\t<div class=\"elementor-widget-container\">\n\t\t\t\t\t\t\t\t\t<p data-start=\"1180\" data-end=\"1555\">Depuis plus de 30 ans, <strong data-start=\"1203\" data-end=\"1220\">Lucia Rapetti<\/strong> accompagne les <strong data-start=\"1236\" data-end=\"1267\">professionnels de la beaut\u00e9<\/strong> \u00e0 travers des produits et protocoles qui allient <strong data-start=\"1317\" data-end=\"1368\">performance, tol\u00e9rance et plaisir d\u2019application<\/strong>.<br data-start=\"1369\" data-end=\"1372\" \/>Chaque formule repose sur une <strong data-start=\"1402\" data-end=\"1433\">synergie d\u2019actifs puissants<\/strong>, test\u00e9s dermatologiquement, et int\u00e9gr\u00e9s dans des <strong data-start=\"1483\" data-end=\"1516\">textures sensorielles uniques<\/strong> pour une efficacit\u00e9 prouv\u00e9e en cabine.<\/p><p data-start=\"1557\" data-end=\"1633\"><em data-start=\"1560\" data-end=\"1633\">Votre savoir-faire m\u00e9rite des produits \u00e0 la hauteur de votre expertise.<\/em><\/p>\t\t\t\t\t\t\t\t<\/div>\n\t\t\t\t<\/div>\n\t\t\t\t\t<\/div>\n\t\t<\/div>\n\t\t\t\t\t<\/div>\n\t\t<\/section>\n\t\t\t\t<section class=\"elementor-section elementor-top-section elementor-element elementor-element-90662db elementor-section-content-middle elementor-section-boxed elementor-section-height-default elementor-section-height-default\" data-id=\"90662db\" data-element_type=\"section\" data-e-type=\"section\" data-settings=\"{&quot;background_background&quot;:&quot;classic&quot;}\">\n\t\t\t\t\t\t<div class=\"elementor-container elementor-column-gap-no\">\n\t\t\t\t\t<div class=\"elementor-column elementor-col-50 elementor-top-column elementor-element elementor-element-88058b7\" data-id=\"88058b7\" data-element_type=\"column\" data-e-type=\"column\">\n\t\t\t<div class=\"elementor-widget-wrap elementor-element-populated\">\n\t\t\t\t\t\t<div class=\"elementor-element elementor-element-60a719f elementor-widget elementor-widget-heading\" data-id=\"60a719f\" data-element_type=\"widget\" data-e-type=\"widget\" data-widget_type=\"heading.default\">\n\t\t\t\t<div class=\"elementor-widget-container\">\n\t\t\t\t\t<p class=\"elementor-heading-title elementor-size-default\">Une Histoire de Beaut\u00e9 et de Bien-\u00eatre<\/p>\t\t\t\t<\/div>\n\t\t\t\t<\/div>\n\t\t\t\t<div class=\"elementor-element elementor-element-d3c89c7 elementor-widget elementor-widget-heading\" data-id=\"d3c89c7\" data-element_type=\"widget\" data-e-type=\"widget\" data-widget_type=\"heading.default\">\n\t\t\t\t<div class=\"elementor-widget-container\">\n\t\t\t\t\t<h2 class=\"elementor-heading-title elementor-size-default\">Lucia Rapetti, fondatrice \u00e9m\u00e9rite de la marque \u00e9ponyme<\/h2>\t\t\t\t<\/div>\n\t\t\t\t<\/div>\n\t\t\t\t<div class=\"elementor-element elementor-element-6c65afb elementor-widget elementor-widget-text-editor\" data-id=\"6c65afb\" data-element_type=\"widget\" data-e-type=\"widget\" data-widget_type=\"text-editor.default\">\n\t\t\t\t<div class=\"elementor-widget-container\">\n\t\t\t\t\t\t\t\t\t<p>Plongez au c\u0153ur des ann\u00e9es 70, une \u00e9poque o\u00f9 <a href=\"https:\/\/lucia-rapetti.com\/\">Lucia Rapetti<\/a>, trace son chemin dans l&#8217;univers de la beaut\u00e9. En Italie, elle \u00e9rige une Maison de Beaut\u00e9 qui deviendra rapidement une r\u00e9f\u00e9rence incontournable dans le domaine. L\u00e0 o\u00f9 beaucoup se seraient content\u00e9s de suivre un concept pr\u00e9\u00e9tabli, Lucia Rapetti choisit un chemin diff\u00e9rent : celui de la connaissance et de l&#8217;exploration.<\/p><p>Son insatiable soif d&#8217;apprendre la conduit \u00e0 entreprendre un voyage autour du monde, \u00e0 la rencontre d&#8217;experts \u00e9minents tels que des biologistes, des hom\u00e9opathes, des m\u00e9decins, des nutritionnistes et des psychosomaticiens. Ces rencontres exceptionnelles lui offrent un tr\u00e9sor de connaissances et nourrissent en elle l&#8217;id\u00e9e audacieuse d&#8217;une approche holistique de la beaut\u00e9.<\/p>\t\t\t\t\t\t\t\t<\/div>\n\t\t\t\t<\/div>\n\t\t\t\t\t<\/div>\n\t\t<\/div>\n\t\t\t\t<div class=\"elementor-column elementor-col-25 elementor-top-column elementor-element elementor-element-2148a65\" data-id=\"2148a65\" data-element_type=\"column\" data-e-type=\"column\">\n\t\t\t<div class=\"elementor-widget-wrap elementor-element-populated\">\n\t\t\t\t\t\t<div class=\"elementor-element elementor-element-14e5c50 elementor-widget-tablet__width-initial elementor-widget elementor-widget-image\" data-id=\"14e5c50\" data-element_type=\"widget\" data-e-type=\"widget\" data-widget_type=\"image.default\">\n\t\t\t\t<div class=\"elementor-widget-container\">\n\t\t\t\t\t\t\t\t\t\t\t\t\t\t\t<img decoding=\"async\" width=\"534\" height=\"650\" src=\"https:\/\/lucia-rapetti.pro\/wp-content\/uploads\/2023\/07\/LR-sito-hp-Lucia.jpg\" class=\"attachment-full size-full wp-image-1944\" alt=\"Portrait de Lucia Rapetti, fondatrice de la marque de produits cosm\u00e9tiques professionnels pour instituts de beaut\u00e9.\" srcset=\"https:\/\/lucia-rapetti.pro\/wp-content\/uploads\/2023\/07\/LR-sito-hp-Lucia.jpg 534w, https:\/\/lucia-rapetti.pro\/wp-content\/uploads\/2023\/07\/LR-sito-hp-Lucia-246x300.jpg 246w\" sizes=\"(max-width: 534px) 100vw, 534px\" \/>\t\t\t\t\t\t\t\t\t\t\t\t\t\t\t<\/div>\n\t\t\t\t<\/div>\n\t\t\t\t\t<\/div>\n\t\t<\/div>\n\t\t\t\t<div class=\"elementor-column elementor-col-25 elementor-top-column elementor-element elementor-element-b9b1614 elementor-hidden-mobile elementor-hidden-tablet\" data-id=\"b9b1614\" data-element_type=\"column\" data-e-type=\"column\">\n\t\t\t<div class=\"elementor-widget-wrap\">\n\t\t\t\t\t\t\t<\/div>\n\t\t<\/div>\n\t\t\t\t\t<\/div>\n\t\t<\/section>\n\t\t\t\t<section class=\"elementor-section elementor-top-section elementor-element elementor-element-d4e0b89 elementor-section-content-middle elementor-section-boxed elementor-section-height-default elementor-section-height-default\" data-id=\"d4e0b89\" data-element_type=\"section\" data-e-type=\"section\" data-settings=\"{&quot;background_background&quot;:&quot;classic&quot;}\">\n\t\t\t\t\t\t<div class=\"elementor-container elementor-column-gap-no\">\n\t\t\t\t\t<div class=\"elementor-column elementor-col-100 elementor-top-column elementor-element elementor-element-bc5ae27\" data-id=\"bc5ae27\" data-element_type=\"column\" data-e-type=\"column\">\n\t\t\t<div class=\"elementor-widget-wrap elementor-element-populated\">\n\t\t\t\t\t\t<div class=\"elementor-element elementor-element-3e1754b elementor-widget elementor-widget-heading\" data-id=\"3e1754b\" data-element_type=\"widget\" data-e-type=\"widget\" data-widget_type=\"heading.default\">\n\t\t\t\t<div class=\"elementor-widget-container\">\n\t\t\t\t\t<h2 class=\"elementor-heading-title elementor-size-default\">Son approche en mati\u00e8re de cosm\u00e9tique professionnelle<\/h2>\t\t\t\t<\/div>\n\t\t\t\t<\/div>\n\t\t\t\t<div class=\"elementor-element elementor-element-c401243 elementor-widget__width-initial elementor-widget elementor-widget-text-editor\" data-id=\"c401243\" data-element_type=\"widget\" data-e-type=\"widget\" data-widget_type=\"text-editor.default\">\n\t\t\t\t<div class=\"elementor-widget-container\">\n\t\t\t\t\t\t\t\t\t<p>Son approche en mati\u00e8re de cosm\u00e9tique professionnelle a \u00e9galement toujours \u00e9t\u00e9 profond\u00e9ment inspir\u00e9e par une connaissance approfondie des principes actifs issus de diff\u00e9rentes cultures ancestrales.<\/p><p>Pour Lucia Rapetti, la beaut\u00e9 ne se limite pas \u00e0 des soins externes, mais transcende les fronti\u00e8res de la peau pour englober \u00e9galement le bien-\u00eatre int\u00e9rieur. C&#8217;est ainsi qu&#8217;elle con\u00e7oit sa vision r\u00e9volutionnaire : la \u00ab M\u00e9thode Globale de Soins\u00ae \u00bb. Ce n&#8217;est pas seulement un concept, c&#8217;est le fruit d&#8217;une vie d\u00e9di\u00e9e \u00e0 l&#8217;exploration et \u00e0 la recherche de l&#8217;harmonie entre le corps et l&#8217;esprit.<\/p><p>Lucia Rapetti incarne l&#8217;esprit d&#8217;une exploratrice de la beaut\u00e9, toujours en qu\u00eate de nouvelles fa\u00e7ons d&#8217;appr\u00e9hender le bien-\u00eatre et la sant\u00e9. Son parcours inspirant est le reflet d&#8217;un r\u00eave de toute une vie : celui de red\u00e9finir la beaut\u00e9, non pas comme un id\u00e9al inaccessible, mais comme une r\u00e9alit\u00e9 \u00e0 port\u00e9e de main pour ceux qui embrassent une approche globale et \u00e9clair\u00e9e.<\/p>\t\t\t\t\t\t\t\t<\/div>\n\t\t\t\t<\/div>\n\t\t\t\t\t<\/div>\n\t\t<\/div>\n\t\t\t\t\t<\/div>\n\t\t<\/section>\n\t\t<div class=\"elementor-element elementor-element-72a969b6 e-flex e-con-boxed e-con e-parent\" data-id=\"72a969b6\" data-element_type=\"container\" data-e-type=\"container\" data-settings=\"{&quot;background_background&quot;:&quot;classic&quot;}\">\n\t\t\t\t\t<div class=\"e-con-inner\">\n\t\t\t\t<div class=\"elementor-element elementor-element-52c6a1b5 elementor-widget elementor-widget-heading\" data-id=\"52c6a1b5\" data-element_type=\"widget\" data-e-type=\"widget\" data-widget_type=\"heading.default\">\n\t\t\t\t<div class=\"elementor-widget-container\">\n\t\t\t\t\t<h2 class=\"elementor-heading-title elementor-size-default\">Nos gammes de soins professionnels<\/h2>\t\t\t\t<\/div>\n\t\t\t\t<\/div>\n\t\t\t\t<div class=\"elementor-element elementor-element-5d48f6e elementor-widget elementor-widget-heading\" data-id=\"5d48f6e\" data-element_type=\"widget\" data-e-type=\"widget\" data-widget_type=\"heading.default\">\n\t\t\t\t<div class=\"elementor-widget-container\">\n\t\t\t\t\t<h3 class=\"elementor-heading-title elementor-size-default\">Soins visage professionnels<\/h3>\t\t\t\t<\/div>\n\t\t\t\t<\/div>\n\t\t\t\t<div class=\"elementor-element elementor-element-25cf01a elementor-widget elementor-widget-text-editor\" data-id=\"25cf01a\" data-element_type=\"widget\" data-e-type=\"widget\" data-widget_type=\"text-editor.default\">\n\t\t\t\t<div class=\"elementor-widget-container\">\n\t\t\t\t\t\t\t\t\t<p>Hydratation, anti-\u00e2ge, \u00e9clat ou apaisement : les <strong data-start=\"1783\" data-end=\"1820\">produits visage Lucia Rapetti Pro<\/strong> r\u00e9pondent aux besoins de toutes les peaux.<br data-start=\"1863\" data-end=\"1866\" \/>Ils s\u2019int\u00e8grent parfaitement dans vos protocoles de soin cabine et garantissent <strong data-start=\"1946\" data-end=\"2004\">r\u00e9sultats visibles et fid\u00e9lisation de votre client\u00e8le.<\/strong><\/p>\t\t\t\t\t\t\t\t<\/div>\n\t\t\t\t<\/div>\n\t\t\t\t<div class=\"elementor-element elementor-element-58da145 elementor-widget elementor-widget-heading\" data-id=\"58da145\" data-element_type=\"widget\" data-e-type=\"widget\" data-widget_type=\"heading.default\">\n\t\t\t\t<div class=\"elementor-widget-container\">\n\t\t\t\t\t<h3 class=\"elementor-heading-title elementor-size-default\">Soins corps professionnels<\/h3>\t\t\t\t<\/div>\n\t\t\t\t<\/div>\n\t\t\t\t<div class=\"elementor-element elementor-element-c8d786e elementor-widget elementor-widget-text-editor\" data-id=\"c8d786e\" data-element_type=\"widget\" data-e-type=\"widget\" data-widget_type=\"text-editor.default\">\n\t\t\t\t<div class=\"elementor-widget-container\">\n\t\t\t\t\t\t\t\t\t<p>Gommages, enveloppements, soins raffermissants ou drainants : notre gamme de <strong data-start=\"2124\" data-end=\"2154\">soins corps professionnels<\/strong> combine efficacit\u00e9, bien-\u00eatre et confort d\u2019application.<\/p>\t\t\t\t\t\t\t\t<\/div>\n\t\t\t\t<\/div>\n\t\t\t\t<div class=\"elementor-element elementor-element-997b5f0 elementor-widget elementor-widget-heading\" data-id=\"997b5f0\" data-element_type=\"widget\" data-e-type=\"widget\" data-widget_type=\"heading.default\">\n\t\t\t\t<div class=\"elementor-widget-container\">\n\t\t\t\t\t<h3 class=\"elementor-heading-title elementor-size-default\">Protocoles complets pour institut<\/h3>\t\t\t\t<\/div>\n\t\t\t\t<\/div>\n\t\t\t\t<div class=\"elementor-element elementor-element-a3be3c7 elementor-widget elementor-widget-text-editor\" data-id=\"a3be3c7\" data-element_type=\"widget\" data-e-type=\"widget\" data-widget_type=\"text-editor.default\">\n\t\t\t\t<div class=\"elementor-widget-container\">\n\t\t\t\t\t\t\t\t\t<p>Optimisez vos r\u00e9sultats gr\u00e2ce \u00e0 des <strong data-start=\"2296\" data-end=\"2333\">protocoles de soin professionnels<\/strong> pr\u00eats \u00e0 l\u2019emploi, accompagn\u00e9s de fiches techniques et conseils d\u2019application.<\/p>\t\t\t\t\t\t\t\t<\/div>\n\t\t\t\t<\/div>\n\t\t\t\t\t<\/div>\n\t\t\t\t<\/div>\n\t\t\t\t<section class=\"elementor-section elementor-top-section elementor-element elementor-element-691c631 elementor-section-boxed elementor-section-height-default elementor-section-height-default\" data-id=\"691c631\" data-element_type=\"section\" data-e-type=\"section\" data-settings=\"{&quot;background_background&quot;:&quot;classic&quot;}\">\n\t\t\t\t\t\t\t<div class=\"elementor-background-overlay\"><\/div>\n\t\t\t\t\t\t\t<div class=\"elementor-container elementor-column-gap-no\">\n\t\t\t\t\t<div class=\"elementor-column elementor-col-100 elementor-top-column elementor-element elementor-element-897a510\" data-id=\"897a510\" data-element_type=\"column\" data-e-type=\"column\">\n\t\t\t<div class=\"elementor-widget-wrap elementor-element-populated\">\n\t\t\t\t\t\t<section class=\"elementor-section elementor-inner-section elementor-element elementor-element-ad9629a elementor-section-boxed elementor-section-height-default elementor-section-height-default\" data-id=\"ad9629a\" data-element_type=\"section\" data-e-type=\"section\" data-settings=\"{&quot;background_background&quot;:&quot;classic&quot;}\">\n\t\t\t\t\t\t<div class=\"elementor-container elementor-column-gap-no\">\n\t\t\t\t\t<div class=\"elementor-column elementor-col-100 elementor-inner-column elementor-element elementor-element-a74a886\" data-id=\"a74a886\" data-element_type=\"column\" data-e-type=\"column\">\n\t\t\t<div class=\"elementor-widget-wrap elementor-element-populated\">\n\t\t\t\t\t\t<div class=\"elementor-element elementor-element-46343fd elementor-hidden-mobile elementor-widget elementor-widget-heading\" data-id=\"46343fd\" data-element_type=\"widget\" data-e-type=\"widget\" data-widget_type=\"heading.default\">\n\t\t\t\t<div class=\"elementor-widget-container\">\n\t\t\t\t\t<p class=\"elementor-heading-title elementor-size-default\">Explorez notre chemin \u00e9volutif vers la beaut\u00e9<\/p>\t\t\t\t<\/div>\n\t\t\t\t<\/div>\n\t\t\t\t<div class=\"elementor-element elementor-element-ab4a722 elementor-widget elementor-widget-text-editor\" data-id=\"ab4a722\" data-element_type=\"widget\" data-e-type=\"widget\" data-widget_type=\"text-editor.default\">\n\t\t\t\t<div class=\"elementor-widget-container\">\n\t\t\t\t\t\t\t\t\t<p>Lucia Rapetti vous propose un partenariat durable et \u00e9volutif dans votre qu\u00eate de perfectionnement esth\u00e9tique. Forts de 25 ans d&#8217;exp\u00e9rience, nous sommes engag\u00e9s \u00e0 vos c\u00f4t\u00e9s pour r\u00e9pondre \u00e0 vos besoins en constante \u00e9volution.<\/p>\t\t\t\t\t\t\t\t<\/div>\n\t\t\t\t<\/div>\n\t\t\t\t<div class=\"elementor-element elementor-element-ede6bb3 elementor-mobile-align-center elementor-align-center elementor-widget elementor-widget-button\" data-id=\"ede6bb3\" data-element_type=\"widget\" data-e-type=\"widget\" data-widget_type=\"button.default\">\n\t\t\t\t<div class=\"elementor-widget-container\">\n\t\t\t\t\t\t\t\t\t<div class=\"elementor-button-wrapper\">\n\t\t\t\t\t<a class=\"elementor-button elementor-button-link elementor-size-sm\" href=\"https:\/\/lucia-rapetti.pro\/de\/partner-werden\/\">\n\t\t\t\t\t\t<span class=\"elementor-button-content-wrapper\">\n\t\t\t\t\t\t\t\t\t<span class=\"elementor-button-text\">Devenir partenaires<\/span>\n\t\t\t\t\t<\/span>\n\t\t\t\t\t<\/a>\n\t\t\t\t<\/div>\n\t\t\t\t\t\t\t\t<\/div>\n\t\t\t\t<\/div>\n\t\t\t\t\t<\/div>\n\t\t<\/div>\n\t\t\t\t\t<\/div>\n\t\t<\/section>\n\t\t\t\t\t<\/div>\n\t\t<\/div>\n\t\t\t\t\t<\/div>\n\t\t<\/section>\n\t\t<div class=\"elementor-element elementor-element-f230037 e-flex e-con-boxed e-con e-parent\" data-id=\"f230037\" data-element_type=\"container\" data-e-type=\"container\" data-settings=\"{&quot;background_background&quot;:&quot;classic&quot;}\">\n\t\t\t\t\t<div class=\"e-con-inner\">\n\t\t\t\t<div class=\"elementor-element elementor-element-ae490b1 elementor-widget elementor-widget-heading\" data-id=\"ae490b1\" data-element_type=\"widget\" data-e-type=\"widget\" data-widget_type=\"heading.default\">\n\t\t\t\t<div class=\"elementor-widget-container\">\n\t\t\t\t\t<h2 class=\"elementor-heading-title elementor-size-default\">Une marque de cosm\u00e9tique professionnelle \u00e9thique et performante<\/h2>\t\t\t\t<\/div>\n\t\t\t\t<\/div>\n\t\t\t\t<div class=\"elementor-element elementor-element-5955ca4 elementor-widget elementor-widget-text-editor\" data-id=\"5955ca4\" data-element_type=\"widget\" data-e-type=\"widget\" data-widget_type=\"text-editor.default\">\n\t\t\t\t<div class=\"elementor-widget-container\">\n\t\t\t\t\t\t\t\t\t<p style=\"text-align: left;\" data-start=\"2566\" data-end=\"2664\">Nos produits sont \u00e9labor\u00e9s dans le respect des <strong data-start=\"2613\" data-end=\"2662\">valeurs essentielles de la beaut\u00e9 responsable<\/strong> :<\/p><ul style=\"text-align: left;\" data-start=\"2665\" data-end=\"2860\"><li data-start=\"2665\" data-end=\"2695\"><p data-start=\"2667\" data-end=\"2695\">Formules clean et s\u00fbres<\/p><\/li><li data-start=\"2696\" data-end=\"2740\"><p data-start=\"2698\" data-end=\"2740\">Actifs hautement concentr\u00e9s et test\u00e9s<\/p><\/li><li data-start=\"2741\" data-end=\"2800\"><p data-start=\"2743\" data-end=\"2800\">Fabrication italienne, inspiration m\u00e9diterran\u00e9enne<\/p><\/li><li data-start=\"2801\" data-end=\"2860\"><p data-start=\"2803\" data-end=\"2860\">Engagement environnemental et packagings recyclables<\/p><\/li><\/ul><p style=\"text-align: left;\" data-start=\"2862\" data-end=\"2953\"><em data-start=\"2865\" data-end=\"2953\">Lucia Rapetti, c\u2019est l\u2019alliance de la technologie cosm\u00e9tique et du respect de la peau.<\/em><\/p>\t\t\t\t\t\t\t\t<\/div>\n\t\t\t\t<\/div>\n\t\t\t\t\t<\/div>\n\t\t\t\t<\/div>\n\t\t<div class=\"elementor-element elementor-element-0d53e8e e-flex e-con-boxed e-con e-parent\" data-id=\"0d53e8e\" data-element_type=\"container\" data-e-type=\"container\" data-settings=\"{&quot;background_background&quot;:&quot;classic&quot;}\">\n\t\t\t\t\t<div class=\"e-con-inner\">\n\t\t\t\t<div class=\"elementor-element elementor-element-303055d elementor-widget elementor-widget-heading\" data-id=\"303055d\" data-element_type=\"widget\" data-e-type=\"widget\" data-widget_type=\"heading.default\">\n\t\t\t\t<div class=\"elementor-widget-container\">\n\t\t\t\t\t<h2 class=\"elementor-heading-title elementor-size-default\">Pourquoi choisir Lucia Rapetti Pro ?<\/h2>\t\t\t\t<\/div>\n\t\t\t\t<\/div>\n\t\t\t\t<div class=\"elementor-element elementor-element-cbc56be elementor-widget elementor-widget-text-editor\" data-id=\"cbc56be\" data-element_type=\"widget\" data-e-type=\"widget\" data-widget_type=\"text-editor.default\">\n\t\t\t\t<div class=\"elementor-widget-container\">\n\t\t\t\t\t\t\t\t\t<ul><li data-start=\"3013\" data-end=\"3066\"><p style=\"text-align: left;\" data-start=\"3015\" data-end=\"3066\">Expertise scientifique et exp\u00e9rience esth\u00e9tique<\/p><\/li><li style=\"text-align: left;\" data-start=\"3067\" data-end=\"3115\"><p data-start=\"3069\" data-end=\"3115\">Produits adapt\u00e9s \u00e0 tous les types de peau<\/p><\/li><li style=\"text-align: left;\" data-start=\"3116\" data-end=\"3215\"><p data-start=\"3118\" data-end=\"3215\">Accompagnement des professionnels (formations, supports marketing, protocoles personnalis\u00e9s)<\/p><\/li><li data-start=\"3216\" data-end=\"3288\"><p style=\"text-align: left;\" data-start=\"3218\" data-end=\"3288\">Une marque partenaire de confiance pour d\u00e9velopper votre institut<\/p><\/li><\/ul>\t\t\t\t\t\t\t\t<\/div>\n\t\t\t\t<\/div>\n\t\t\t\t<div class=\"elementor-element elementor-element-360f1ee elementor-mobile-align-center elementor-align-center elementor-widget elementor-widget-button\" data-id=\"360f1ee\" data-element_type=\"widget\" data-e-type=\"widget\" data-widget_type=\"button.default\">\n\t\t\t\t<div class=\"elementor-widget-container\">\n\t\t\t\t\t\t\t\t\t<div class=\"elementor-button-wrapper\">\n\t\t\t\t\t<a class=\"elementor-button elementor-button-link elementor-size-sm\" href=\"https:\/\/lucia-rapetti.pro\/devenir-partenaires\">\n\t\t\t\t\t\t<span class=\"elementor-button-content-wrapper\">\n\t\t\t\t\t\t\t\t\t<span class=\"elementor-button-text\">Devenir partenaire Lucia Rapetti<\/span>\n\t\t\t\t\t<\/span>\n\t\t\t\t\t<\/a>\n\t\t\t\t<\/div>\n\t\t\t\t\t\t\t\t<\/div>\n\t\t\t\t<\/div>\n\t\t\t\t\t<\/div>\n\t\t\t\t<\/div>\n\t\t<div class=\"elementor-element elementor-element-9fdf036 e-flex e-con-boxed e-con e-parent\" data-id=\"9fdf036\" data-element_type=\"container\" data-e-type=\"container\">\n\t\t\t\t\t<div class=\"e-con-inner\">\n\t\t\t\t<div class=\"elementor-element elementor-element-3bd0881 elementor-widget elementor-widget-heading\" data-id=\"3bd0881\" data-element_type=\"widget\" data-e-type=\"widget\" data-widget_type=\"heading.default\">\n\t\t\t\t<div class=\"elementor-widget-container\">\n\t\t\t\t\t<h2 class=\"elementor-heading-title elementor-size-default\">T\u00e9moignages d\u2019instituts partenaires<\/h2>\t\t\t\t<\/div>\n\t\t\t\t<\/div>\n\t\t\t\t<div class=\"elementor-element elementor-element-9668e07 elementor-testimonial--skin-default elementor-testimonial--layout-image_inline elementor-testimonial--align-center elementor-arrows-yes elementor-pagination-type-bullets elementor-widget elementor-widget-testimonial-carousel\" data-id=\"9668e07\" data-element_type=\"widget\" data-e-type=\"widget\" data-settings=\"{&quot;show_arrows&quot;:&quot;yes&quot;,&quot;pagination&quot;:&quot;bullets&quot;,&quot;speed&quot;:500,&quot;autoplay&quot;:&quot;yes&quot;,&quot;autoplay_speed&quot;:5000,&quot;loop&quot;:&quot;yes&quot;,&quot;pause_on_hover&quot;:&quot;yes&quot;,&quot;pause_on_interaction&quot;:&quot;yes&quot;,&quot;space_between&quot;:{&quot;unit&quot;:&quot;px&quot;,&quot;size&quot;:10,&quot;sizes&quot;:[]},&quot;space_between_tablet&quot;:{&quot;unit&quot;:&quot;px&quot;,&quot;size&quot;:10,&quot;sizes&quot;:[]},&quot;space_between_mobile&quot;:{&quot;unit&quot;:&quot;px&quot;,&quot;size&quot;:10,&quot;sizes&quot;:[]}}\" data-widget_type=\"testimonial-carousel.default\">\n\t\t\t\t<div class=\"elementor-widget-container\">\n\t\t\t\t\t\t\t\t\t<div class=\"elementor-swiper\">\n\t\t\t\t\t<div class=\"elementor-main-swiper swiper\" role=\"region\" aria-roledescription=\"carousel\" aria-label=\"Diapositives\">\n\t\t\t\t<div class=\"swiper-wrapper\">\n\t\t\t\t\t\t\t\t\t\t\t<div class=\"swiper-slide\" role=\"group\" aria-roledescription=\"slide\">\n\t\t\t\t\t\t\t\t\t<div class=\"elementor-testimonial\">\n\t\t\t\t\t\t\t<div class=\"elementor-testimonial__content\">\n\t\t\t\t\t<div class=\"elementor-testimonial__text\">\n\t\t\t\t\t\tDepuis que j\u2019ai int\u00e9gr\u00e9 Lucia Rapetti \u00e0 mon institut, je constate une transformation concr\u00e8te : les r\u00e9sultats sont visibles, rapides et durables. C\u2019est ce qui frappe mes clientes d\u00e8s la premi\u00e8re s\u00e9ance \u2013 et c\u2019est aussi ce qui les fait revenir, encore et encore.\nLa grande force de la marque, c\u2019est sa capacit\u00e9 \u00e0 offrir des r\u00e9ponses personnalis\u00e9es \u00e0 chaque type de peau, \u00e0 chaque \u00e2ge. Que ce soit pour une jeune cliente ou une femme en qu\u00eate de long\u00e9vit\u00e9 active, chaque protocole devient une v\u00e9ritable exp\u00e9rience sensorielle et cibl\u00e9e.\nLucia Rapetti, c\u2019est une cosm\u00e9tique intelligente, profond\u00e9ment humaine, et toujours en avance. Les innovations sont constantes, les soins sont vivants, et l\u2019approche scientifique garantit des r\u00e9sultats sans compromis. C\u2019est une marque qui me permet de faire \u00e9voluer mon institut vers un niveau d\u2019excellence unique sur le march\u00e9.\t\t\t\t\t<\/div>\n\t\t\t\t\t\t\t\t\t<\/div>\n\t\t\t\t\t\t<div class=\"elementor-testimonial__footer\">\n\t\t\t\t\t\t\t\t\t<div class=\"elementor-testimonial__image\">\n\t\t\t\t\t\t<img decoding=\"async\" src=\"https:\/\/lucia-rapetti.pro\/wp-content\/uploads\/2025\/09\/4.png\" alt=\"Muriel Tourte\">\n\t\t\t\t\t\t\t\t\t\t\t<\/div>\n\t\t\t\t\t\t\t\t<cite class=\"elementor-testimonial__cite\"><span class=\"elementor-testimonial__name\">Muriel Tourte<\/span><span class=\"elementor-testimonial__title\">Institut Muriel T<\/span><\/cite>\t\t\t<\/div>\n\t\t<\/div>\n\t\t\t\t\t\t\t\t<\/div>\n\t\t\t\t\t\t\t\t\t\t\t<div class=\"swiper-slide\" role=\"group\" aria-roledescription=\"slide\">\n\t\t\t\t\t\t\t\t\t<div class=\"elementor-testimonial\">\n\t\t\t\t\t\t\t<div class=\"elementor-testimonial__content\">\n\t\t\t\t\t<div class=\"elementor-testimonial__text\">\n\t\t\t\t\t\tDans mon institut, je suis seule\u2026 mais avec Lucia Rapetti, je ne le ressens jamais. C\u2019est une marque qui m\u2019apporte bien plus que des produits : elle me donne des cl\u00e9s pour construire des exp\u00e9riences uniques, qui r\u00e9pondent aux besoins pr\u00e9cis de chaque cliente, \u00e0 tout \u00e2ge de sa vie.\nLes soins sont innovants, personnalisables \u00e0 l\u2019infini, et toujours fond\u00e9s sur une recherche de r\u00e9sultats visibles et durables. Mais ce qui marque le plus, c\u2019est l\u2019attachement qu\u2019ils g\u00e9n\u00e8rent : ma client\u00e8le se fid\u00e9lise naturellement, parce qu\u2019elle sent qu\u2019elle vit quelque chose d\u2019unique \u00e0 chaque visite.\nLucia Rapetti, c\u2019est une vision moderne de la cosm\u00e9tique : engag\u00e9e, scientifique, tourn\u00e9e vers la long\u00e9vit\u00e9 et l\u2019harmonie cutan\u00e9e. Une vraie alli\u00e9e pour les professionnelles comme moi, en qu\u00eate de performance et de sens.\t\t\t\t\t<\/div>\n\t\t\t\t\t\t\t\t\t<\/div>\n\t\t\t\t\t\t<div class=\"elementor-testimonial__footer\">\n\t\t\t\t\t\t\t\t\t<div class=\"elementor-testimonial__image\">\n\t\t\t\t\t\t<img decoding=\"async\" src=\"https:\/\/lucia-rapetti.pro\/wp-content\/uploads\/2025\/09\/eg-logo-1.png\" alt=\"Corine Ardoin\">\n\t\t\t\t\t\t\t\t\t\t\t<\/div>\n\t\t\t\t\t\t\t\t<cite class=\"elementor-testimonial__cite\"><span class=\"elementor-testimonial__name\">Corine Ardoin<\/span><span class=\"elementor-testimonial__title\">Eglantine institut<\/span><\/cite>\t\t\t<\/div>\n\t\t<\/div>\n\t\t\t\t\t\t\t\t<\/div>\n\t\t\t\t\t\t\t\t\t\t\t<div class=\"swiper-slide\" role=\"group\" aria-roledescription=\"slide\">\n\t\t\t\t\t\t\t\t\t<div class=\"elementor-testimonial\">\n\t\t\t\t\t\t\t<div class=\"elementor-testimonial__content\">\n\t\t\t\t\t<div class=\"elementor-testimonial__text\">\n\t\t\t\t\t\tLucia Rapetti, c\u2019est une marque qui a compris que la beaut\u00e9 d\u2019aujourd\u2019hui se pense sur le long terme. Ici, la performance cosm\u00e9tique va de pair avec une vision profonde du bien-\u00eatre, du respect du microbiome et de la long\u00e9vit\u00e9 saine.\nMes clientes, toutes g\u00e9n\u00e9rations confondues, se retrouvent dans cette approche sur-mesure. Les r\u00e9sultats sont l\u00e0, mais surtout, les soins cr\u00e9ent une vraie connexion \u00e9motionnelle. Chaque traitement devient un moment d\u2019exception, pens\u00e9 pour durer et pour fid\u00e9liser.\nTravailler avec Lucia Rapetti, c\u2019est aussi \u00eatre accompagn\u00e9 avec pertinence, par une \u00e9quipe qui comprend les r\u00e9alit\u00e9s terrain et qui m\u2019aide \u00e0 rester en phase avec les attentes du march\u00e9. Cela fait toute la diff\u00e9rence dans un secteur o\u00f9 l\u2019exigence est en constante \u00e9volution.\t\t\t\t\t<\/div>\n\t\t\t\t\t\t\t\t\t<\/div>\n\t\t\t\t\t\t<div class=\"elementor-testimonial__footer\">\n\t\t\t\t\t\t\t\t\t<div class=\"elementor-testimonial__image\">\n\t\t\t\t\t\t<img decoding=\"async\" src=\"https:\/\/lucia-rapetti.pro\/wp-content\/uploads\/2025\/09\/3.png\" alt=\"Nathalie Loth\">\n\t\t\t\t\t\t\t\t\t\t\t<\/div>\n\t\t\t\t\t\t\t\t<cite class=\"elementor-testimonial__cite\"><span class=\"elementor-testimonial__name\">Nathalie Loth<\/span><span class=\"elementor-testimonial__title\">Institut Anne Walter<\/span><\/cite>\t\t\t<\/div>\n\t\t<\/div>\n\t\t\t\t\t\t\t\t<\/div>\n\t\t\t\t\t\t\t\t\t<\/div>\n\t\t\t\t\t\t\t\t\t\t\t\t\t\t\t<div class=\"elementor-swiper-button elementor-swiper-button-prev\" role=\"button\" tabindex=\"0\" aria-label=\"Pr\u00e9c\u00e9dent\">\n\t\t\t\t\t\t\t<svg aria-hidden=\"true\" class=\"e-font-icon-svg e-eicon-chevron-left\" viewBox=\"0 0 1000 1000\" xmlns=\"http:\/\/www.w3.org\/2000\/svg\"><path d=\"M646 125C629 125 613 133 604 142L308 442C296 454 292 471 292 487 292 504 296 521 308 533L604 854C617 867 629 875 646 875 663 875 679 871 692 858 704 846 713 829 713 812 713 796 708 779 692 767L438 487 692 225C700 217 708 204 708 187 708 171 704 154 692 142 675 129 663 125 646 125Z\"><\/path><\/svg>\t\t\t\t\t\t<\/div>\n\t\t\t\t\t\t<div class=\"elementor-swiper-button elementor-swiper-button-next\" role=\"button\" tabindex=\"0\" aria-label=\"Suivant\">\n\t\t\t\t\t\t\t<svg aria-hidden=\"true\" class=\"e-font-icon-svg e-eicon-chevron-right\" viewBox=\"0 0 1000 1000\" xmlns=\"http:\/\/www.w3.org\/2000\/svg\"><path d=\"M696 533C708 521 713 504 713 487 713 471 708 454 696 446L400 146C388 133 375 125 354 125 338 125 325 129 313 142 300 154 292 171 292 187 292 204 296 221 308 233L563 492 304 771C292 783 288 800 288 817 288 833 296 850 308 863 321 871 338 875 354 875 371 875 388 867 400 854L696 533Z\"><\/path><\/svg>\t\t\t\t\t\t<\/div>\n\t\t\t\t\t\t\t\t\t\t\t\t\t\t\t\t<div class=\"swiper-pagination\"><\/div>\n\t\t\t\t\t\t\t\t\t\t\t\t<\/div>\n\t\t\t\t<\/div>\n\t\t\t\t\t\t\t\t<\/div>\n\t\t\t\t<\/div>\n\t\t\t\t\t<\/div>\n\t\t\t\t<\/div>\n\t\t<div class=\"elementor-element elementor-element-768cb35 e-flex e-con-boxed e-con e-parent\" data-id=\"768cb35\" data-element_type=\"container\" data-e-type=\"container\">\n\t\t\t\t\t<div class=\"e-con-inner\">\n\t\t\t\t<div class=\"elementor-element elementor-element-7731dab elementor-widget elementor-widget-heading\" data-id=\"7731dab\" data-element_type=\"widget\" data-e-type=\"widget\" data-widget_type=\"heading.default\">\n\t\t\t\t<div class=\"elementor-widget-container\">\n\t\t\t\t\t<h2 class=\"elementor-heading-title elementor-size-default\">Foire aux questions (FAQ)<\/h2>\t\t\t\t<\/div>\n\t\t\t\t<\/div>\n\t\t\t\t<div class=\"elementor-element elementor-element-a616667 elementor-widget elementor-widget-n-accordion\" data-id=\"a616667\" data-element_type=\"widget\" data-e-type=\"widget\" data-settings=\"{&quot;default_state&quot;:&quot;expanded&quot;,&quot;max_items_expended&quot;:&quot;one&quot;,&quot;n_accordion_animation_duration&quot;:{&quot;unit&quot;:&quot;ms&quot;,&quot;size&quot;:400,&quot;sizes&quot;:[]}}\" data-widget_type=\"nested-accordion.default\">\n\t\t\t\t<div class=\"elementor-widget-container\">\n\t\t\t\t\t\t\t<div class=\"e-n-accordion\" aria-label=\"Accordion. Open links with Enter or Space, close with Escape, and navigate with Arrow Keys\">\n\t\t\t\t\t\t<details id=\"e-n-accordion-item-1740\" class=\"e-n-accordion-item\" open>\n\t\t\t\t<summary class=\"e-n-accordion-item-title\" data-accordion-index=\"1\" tabindex=\"0\" aria-expanded=\"true\" aria-controls=\"e-n-accordion-item-1740\" >\n\t\t\t\t\t<span class='e-n-accordion-item-title-header'><div class=\"e-n-accordion-item-title-text\"> Quels sont les avantages d\u2019un produit cosm\u00e9tique professionnel ? <\/div><\/span>\n\t\t\t\t\t\t\t<span class='e-n-accordion-item-title-icon'>\n\t\t\t<span class='e-opened' ><svg aria-hidden=\"true\" class=\"e-font-icon-svg e-fas-minus\" viewBox=\"0 0 448 512\" xmlns=\"http:\/\/www.w3.org\/2000\/svg\"><path d=\"M416 208H32c-17.67 0-32 14.33-32 32v32c0 17.67 14.33 32 32 32h384c17.67 0 32-14.33 32-32v-32c0-17.67-14.33-32-32-32z\"><\/path><\/svg><\/span>\n\t\t\t<span class='e-closed'><svg aria-hidden=\"true\" class=\"e-font-icon-svg e-fas-plus\" viewBox=\"0 0 448 512\" xmlns=\"http:\/\/www.w3.org\/2000\/svg\"><path d=\"M416 208H272V64c0-17.67-14.33-32-32-32h-32c-17.67 0-32 14.33-32 32v144H32c-17.67 0-32 14.33-32 32v32c0 17.67 14.33 32 32 32h144v144c0 17.67 14.33 32 32 32h32c17.67 0 32-14.33 32-32V304h144c17.67 0 32-14.33 32-32v-32c0-17.67-14.33-32-32-32z\"><\/path><\/svg><\/span>\n\t\t<\/span>\n\n\t\t\t\t\t\t<\/summary>\n\t\t\t\t<div role=\"region\" aria-labelledby=\"e-n-accordion-item-1740\" class=\"elementor-element elementor-element-0bf4194 e-con-full e-flex e-con e-child\" data-id=\"0bf4194\" data-element_type=\"container\" data-e-type=\"container\">\n\t\t<div role=\"region\" aria-labelledby=\"e-n-accordion-item-1740\" class=\"elementor-element elementor-element-22d395c e-flex e-con-boxed e-con e-child\" data-id=\"22d395c\" data-element_type=\"container\" data-e-type=\"container\">\n\t\t\t\t\t<div class=\"e-con-inner\">\n\t\t\t\t<div class=\"elementor-element elementor-element-2a3420e elementor-widget elementor-widget-text-editor\" data-id=\"2a3420e\" data-element_type=\"widget\" data-e-type=\"widget\" data-widget_type=\"text-editor.default\">\n\t\t\t\t<div class=\"elementor-widget-container\">\n\t\t\t\t\t\t\t\t\t<p>Les produits cosm\u00e9tiques professionnels contiennent des concentrations plus \u00e9lev\u00e9es en actifs et sont sp\u00e9cialement con\u00e7us pour les soins en cabine, garantissant des r\u00e9sultats plus rapides et durables.<\/p>\t\t\t\t\t\t\t\t<\/div>\n\t\t\t\t<\/div>\n\t\t\t\t\t<\/div>\n\t\t\t\t<\/div>\n\t\t\t\t<\/div>\n\t\t\t\t\t<\/details>\n\t\t\t\t\t\t<details id=\"e-n-accordion-item-1741\" class=\"e-n-accordion-item\" >\n\t\t\t\t<summary class=\"e-n-accordion-item-title\" data-accordion-index=\"2\" tabindex=\"-1\" aria-expanded=\"false\" aria-controls=\"e-n-accordion-item-1741\" >\n\t\t\t\t\t<span class='e-n-accordion-item-title-header'><div class=\"e-n-accordion-item-title-text\"> Pourquoi choisir Lucia Rapetti comme fournisseur cosm\u00e9tique professionnel ? <\/div><\/span>\n\t\t\t\t\t\t\t<span class='e-n-accordion-item-title-icon'>\n\t\t\t<span class='e-opened' ><svg aria-hidden=\"true\" class=\"e-font-icon-svg e-fas-minus\" viewBox=\"0 0 448 512\" xmlns=\"http:\/\/www.w3.org\/2000\/svg\"><path d=\"M416 208H32c-17.67 0-32 14.33-32 32v32c0 17.67 14.33 32 32 32h384c17.67 0 32-14.33 32-32v-32c0-17.67-14.33-32-32-32z\"><\/path><\/svg><\/span>\n\t\t\t<span class='e-closed'><svg aria-hidden=\"true\" class=\"e-font-icon-svg e-fas-plus\" viewBox=\"0 0 448 512\" xmlns=\"http:\/\/www.w3.org\/2000\/svg\"><path d=\"M416 208H272V64c0-17.67-14.33-32-32-32h-32c-17.67 0-32 14.33-32 32v144H32c-17.67 0-32 14.33-32 32v32c0 17.67 14.33 32 32 32h144v144c0 17.67 14.33 32 32 32h32c17.67 0 32-14.33 32-32V304h144c17.67 0 32-14.33 32-32v-32c0-17.67-14.33-32-32-32z\"><\/path><\/svg><\/span>\n\t\t<\/span>\n\n\t\t\t\t\t\t<\/summary>\n\t\t\t\t<div role=\"region\" aria-labelledby=\"e-n-accordion-item-1741\" class=\"elementor-element elementor-element-b9b8c02 e-con-full e-flex e-con e-child\" data-id=\"b9b8c02\" data-element_type=\"container\" data-e-type=\"container\">\n\t\t<div role=\"region\" aria-labelledby=\"e-n-accordion-item-1741\" class=\"elementor-element elementor-element-2ad4591 e-flex e-con-boxed e-con e-child\" data-id=\"2ad4591\" data-element_type=\"container\" data-e-type=\"container\">\n\t\t\t\t\t<div class=\"e-con-inner\">\n\t\t\t\t<div class=\"elementor-element elementor-element-ffe9019 elementor-widget elementor-widget-text-editor\" data-id=\"ffe9019\" data-element_type=\"widget\" data-e-type=\"widget\" data-widget_type=\"text-editor.default\">\n\t\t\t\t<div class=\"elementor-widget-container\">\n\t\t\t\t\t\t\t\t\t<p>Parce que Lucia Rapetti Pro offre des soins exclusifs, test\u00e9s scientifiquement, et un accompagnement complet pour les instituts et esth\u00e9ticiennes.<\/p>\t\t\t\t\t\t\t\t<\/div>\n\t\t\t\t<\/div>\n\t\t\t\t\t<\/div>\n\t\t\t\t<\/div>\n\t\t\t\t<\/div>\n\t\t\t\t\t<\/details>\n\t\t\t\t\t\t<details id=\"e-n-accordion-item-1742\" class=\"e-n-accordion-item\" >\n\t\t\t\t<summary class=\"e-n-accordion-item-title\" data-accordion-index=\"3\" tabindex=\"-1\" aria-expanded=\"false\" aria-controls=\"e-n-accordion-item-1742\" >\n\t\t\t\t\t<span class='e-n-accordion-item-title-header'><div class=\"e-n-accordion-item-title-text\"> Les produits Lucia Rapetti sont-ils adapt\u00e9s \u00e0 tous les types de peau ? <\/div><\/span>\n\t\t\t\t\t\t\t<span class='e-n-accordion-item-title-icon'>\n\t\t\t<span class='e-opened' ><svg aria-hidden=\"true\" class=\"e-font-icon-svg e-fas-minus\" viewBox=\"0 0 448 512\" xmlns=\"http:\/\/www.w3.org\/2000\/svg\"><path d=\"M416 208H32c-17.67 0-32 14.33-32 32v32c0 17.67 14.33 32 32 32h384c17.67 0 32-14.33 32-32v-32c0-17.67-14.33-32-32-32z\"><\/path><\/svg><\/span>\n\t\t\t<span class='e-closed'><svg aria-hidden=\"true\" class=\"e-font-icon-svg e-fas-plus\" viewBox=\"0 0 448 512\" xmlns=\"http:\/\/www.w3.org\/2000\/svg\"><path d=\"M416 208H272V64c0-17.67-14.33-32-32-32h-32c-17.67 0-32 14.33-32 32v144H32c-17.67 0-32 14.33-32 32v32c0 17.67 14.33 32 32 32h144v144c0 17.67 14.33 32 32 32h32c17.67 0 32-14.33 32-32V304h144c17.67 0 32-14.33 32-32v-32c0-17.67-14.33-32-32-32z\"><\/path><\/svg><\/span>\n\t\t<\/span>\n\n\t\t\t\t\t\t<\/summary>\n\t\t\t\t<div role=\"region\" aria-labelledby=\"e-n-accordion-item-1742\" class=\"elementor-element elementor-element-01cf056 e-con-full e-flex e-con e-child\" data-id=\"01cf056\" data-element_type=\"container\" data-e-type=\"container\">\n\t\t<div role=\"region\" aria-labelledby=\"e-n-accordion-item-1742\" class=\"elementor-element elementor-element-712b59b e-flex e-con-boxed e-con e-child\" data-id=\"712b59b\" data-element_type=\"container\" data-e-type=\"container\">\n\t\t\t\t\t<div class=\"e-con-inner\">\n\t\t\t\t<div class=\"elementor-element elementor-element-81eefec elementor-widget elementor-widget-text-editor\" data-id=\"81eefec\" data-element_type=\"widget\" data-e-type=\"widget\" data-widget_type=\"text-editor.default\">\n\t\t\t\t<div class=\"elementor-widget-container\">\n\t\t\t\t\t\t\t\t\t<p>Oui, nos gammes visage et corps professionnelles couvrent l\u2019ensemble des besoins : peaux sensibles, matures, d\u00e9shydrat\u00e9es ou \u00e0 imperfections.<\/p>\t\t\t\t\t\t\t\t<\/div>\n\t\t\t\t<\/div>\n\t\t\t\t\t<\/div>\n\t\t\t\t<\/div>\n\t\t\t\t<\/div>\n\t\t\t\t\t<\/details>\n\t\t\t\t\t<\/div>\n\t\t\t\t\t\t<\/div>\n\t\t\t\t<\/div>\n\t\t\t\t\t<\/div>\n\t\t\t\t<\/div>\n\t\t<div class=\"elementor-element elementor-element-e0ca751 e-flex e-con-boxed e-con e-parent\" data-id=\"e0ca751\" data-element_type=\"container\" data-e-type=\"container\">\n\t\t\t\t\t<div class=\"e-con-inner\">\n\t\t\t\t<div class=\"elementor-element elementor-element-d297dd8 elementor-mobile-align-center elementor-align-center elementor-widget elementor-widget-button\" data-id=\"d297dd8\" data-element_type=\"widget\" data-e-type=\"widget\" data-widget_type=\"button.default\">\n\t\t\t\t<div class=\"elementor-widget-container\">\n\t\t\t\t\t\t\t\t\t<div class=\"elementor-button-wrapper\">\n\t\t\t\t\t<a class=\"elementor-button elementor-button-link elementor-size-sm\" href=\"https:\/\/lucia-rapetti.pro\/devenir-partenaires\">\n\t\t\t\t\t\t<span class=\"elementor-button-content-wrapper\">\n\t\t\t\t\t\t\t\t\t<span class=\"elementor-button-text\">contactez nous<\/span>\n\t\t\t\t\t<\/span>\n\t\t\t\t\t<\/a>\n\t\t\t\t<\/div>\n\t\t\t\t\t\t\t\t<\/div>\n\t\t\t\t<\/div>\n\t\t\t\t\t<\/div>\n\t\t\t\t<\/div>\n\t\t<div class=\"elementor-element elementor-element-7946c2c e-flex e-con-boxed e-con e-parent\" data-id=\"7946c2c\" data-element_type=\"container\" data-e-type=\"container\">\n\t\t\t\t\t<div class=\"e-con-inner\">\n\t\t\t\t<div class=\"elementor-element elementor-element-4d45dfd elementor-widget elementor-widget-heading\" data-id=\"4d45dfd\" data-element_type=\"widget\" data-e-type=\"widget\" data-widget_type=\"heading.default\">\n\t\t\t\t<div class=\"elementor-widget-container\">\n\t\t\t\t\t<h2 class=\"elementor-heading-title elementor-size-default\">D\u00e9couvrez nos autres univers professionnels<\/h2>\t\t\t\t<\/div>\n\t\t\t\t<\/div>\n\t\t\t\t<div class=\"elementor-element elementor-element-388e87e elementor-widget elementor-widget-text-editor\" data-id=\"388e87e\" data-element_type=\"widget\" data-e-type=\"widget\" data-widget_type=\"text-editor.default\">\n\t\t\t\t<div class=\"elementor-widget-container\">\n\t\t\t\t\t\t\t\t\t<ul><li data-start=\"4631\" data-end=\"4734\"><p data-start=\"4633\" data-end=\"4734\"><a class=\"decorated-link\" href=\"https:\/\/lucia-rapetti.pro\/cosmetique-pour-institut-de-beaute\/\" target=\"_new\" rel=\"noopener\" data-start=\"4633\" data-end=\"4732\">Cosm\u00e9tique pour institut de beaut\u00e9<\/a><\/p><\/li><li data-start=\"4735\" data-end=\"4832\"><p data-start=\"4737\" data-end=\"4832\"><a class=\"decorated-link\" href=\"https:\/\/lucia-rapetti.pro\/produit-de-beaute-pour-institut\/\" target=\"_new\" rel=\"noopener\" data-start=\"4737\" data-end=\"4830\">Produit de beaut\u00e9 pour institut<\/a><\/p><\/li><li data-start=\"4833\" data-end=\"4890\"><p data-start=\"4835\" data-end=\"4890\"><a class=\"decorated-link\" href=\"https:\/\/lucia-rapetti.pro\/fournisseur-cosmetique-professionnel\/\" rel=\"noopener\" data-start=\"4835\" data-end=\"4876\">Fournisseur cosm\u00e9tique professionnel<\/a><\/p><\/li><\/ul>\t\t\t\t\t\t\t\t<\/div>\n\t\t\t\t<\/div>\n\t\t\t\t\t<\/div>\n\t\t\t\t<\/div>\n\t\t<div class=\"elementor-element elementor-element-9a81614 e-flex e-con-boxed e-con e-parent\" data-id=\"9a81614\" data-element_type=\"container\" data-e-type=\"container\">\n\t\t\t\t\t<div class=\"e-con-inner\">\n\t\t\t\t<div class=\"elementor-element elementor-element-d072af4 elementor-widget elementor-widget-html\" data-id=\"d072af4\" data-element_type=\"widget\" data-e-type=\"widget\" data-widget_type=\"html.default\">\n\t\t\t\t<div class=\"elementor-widget-container\">\n\t\t\t\t\t<script type=\"application\/ld+json\">\n{\n  \"@context\": \"https:\/\/schema.org\",\n  \"@type\": \"FAQPage\",\n  \"mainEntity\": [\n    {\n      \"@type\": \"Question\",\n      \"name\": \"Quels sont les avantages d\u2019un produit cosm\u00e9tique professionnel ?\",\n      \"acceptedAnswer\": {\n        \"@type\": \"Answer\",\n        \"text\": \"Les produits cosm\u00e9tiques professionnels contiennent des concentrations plus \u00e9lev\u00e9es en actifs et sont sp\u00e9cialement con\u00e7us pour les soins en cabine. Ils garantissent des r\u00e9sultats plus rapides, visibles et durables, adapt\u00e9s aux besoins des esth\u00e9ticiennes et des instituts de beaut\u00e9.\"\n      }\n    },\n    {\n      \"@type\": \"Question\",\n      \"name\": \"Pourquoi choisir Lucia Rapetti comme fournisseur cosm\u00e9tique professionnel ?\",\n      \"acceptedAnswer\": {\n        \"@type\": \"Answer\",\n        \"text\": \"Lucia Rapetti Pro propose des soins exclusifs, test\u00e9s scientifiquement, formul\u00e9s \u00e0 partir d\u2019actifs naturels et performants. La marque accompagne les esth\u00e9ticiennes et instituts de beaut\u00e9 avec des protocoles professionnels, formations et conseils personnalis\u00e9s.\"\n      }\n    },\n    {\n      \"@type\": \"Question\",\n      \"name\": \"Les produits Lucia Rapetti sont-ils adapt\u00e9s \u00e0 tous les types de peau ?\",\n      \"acceptedAnswer\": {\n        \"@type\": \"Answer\",\n        \"text\": \"Oui, les gammes Lucia Rapetti couvrent l\u2019ensemble des besoins cutan\u00e9s : peaux sensibles, matures, d\u00e9shydrat\u00e9es ou \u00e0 imperfections. Chaque soin professionnel est con\u00e7u pour offrir efficacit\u00e9 et s\u00e9curit\u00e9, quel que soit le type de peau.\"\n      }\n    }\n  ]\n}\n<\/script>\n\t\t\t\t<\/div>\n\t\t\t\t<\/div>\n\t\t\t\t\t<\/div>\n\t\t\t\t<\/div>\n\t\t\t\t<\/div>\n\t\t","protected":false},"excerpt":{"rendered":"<p>Un autre cheminvers la beaut\u00e9 devenir partenaires Produit cosm\u00e9tique professionnel pour institut de beaut\u00e9 Lucia Rapetti Pro propose une gamme compl\u00e8te de produits cosm\u00e9tiques professionnels d\u00e9di\u00e9s aux instituts de beaut\u00e9 et esth\u00e9ticiennes exigeantes.Entre science, nature et sensorialit\u00e9, chaque soin professionnel est formul\u00e9 pour offrir des r\u00e9sultats visibles et une exp\u00e9rience haut de gamme en cabine. [&hellip;]<\/p>\n","protected":false},"author":1,"featured_media":0,"parent":0,"menu_order":0,"comment_status":"closed","ping_status":"closed","template":"","meta":{"_acf_changed":false,"_mo_disable_npp":"","site-sidebar-layout":"no-sidebar","site-content-layout":"page-builder","ast-site-content-layout":"full-width-container","site-content-style":"unboxed","site-sidebar-style":"unboxed","ast-global-header-display":"","ast-banner-title-visibility":"","ast-main-header-display":"","ast-hfb-above-header-display":"","ast-hfb-below-header-display":"","ast-hfb-mobile-header-display":"","site-post-title":"disabled","ast-breadcrumbs-content":"","ast-featured-img":"disabled","footer-sml-layout":"","ast-disable-related-posts":"","theme-transparent-header-meta":"disabled","adv-header-id-meta":"","stick-header-meta":"","header-above-stick-meta":"","header-main-stick-meta":"","header-below-stick-meta":"","astra-migrate-meta-layouts":"set","ast-page-background-enabled":"default","ast-page-background-meta":{"desktop":{"background-color":"var(--ast-global-color-4)","background-image":"","background-repeat":"repeat","background-position":"center center","background-size":"auto","background-attachment":"scroll","background-type":"","background-media":"","overlay-type":"","overlay-color":"","overlay-opacity":"","overlay-gradient":""},"tablet":{"background-color":"","background-image":"","background-repeat":"repeat","background-position":"center center","background-size":"auto","background-attachment":"scroll","background-type":"","background-media":"","overlay-type":"","overlay-color":"","overlay-opacity":"","overlay-gradient":""},"mobile":{"background-color":"","background-image":"","background-repeat":"repeat","background-position":"center center","background-size":"auto","background-attachment":"scroll","background-type":"","background-media":"","overlay-type":"","overlay-color":"","overlay-opacity":"","overlay-gradient":""}},"ast-content-background-meta":{"desktop":{"background-color":"var(--ast-global-color-5)","background-image":"","background-repeat":"repeat","background-position":"center center","background-size":"auto","background-attachment":"scroll","background-type":"","background-media":"","overlay-type":"","overlay-color":"","overlay-opacity":"","overlay-gradient":""},"tablet":{"background-color":"var(--ast-global-color-5)","background-image":"","background-repeat":"repeat","background-position":"center center","background-size":"auto","background-attachment":"scroll","background-type":"","background-media":"","overlay-type":"","overlay-color":"","overlay-opacity":"","overlay-gradient":""},"mobile":{"background-color":"var(--ast-global-color-5)","background-image":"","background-repeat":"repeat","background-position":"center center","background-size":"auto","background-attachment":"scroll","background-type":"","background-media":"","overlay-type":"","overlay-color":"","overlay-opacity":"","overlay-gradient":""}},"footnotes":""},"class_list":["post-18","page","type-page","status-publish","hentry"],"acf":[],"yoast_head":"<!-- This site is optimized with the Yoast SEO plugin v27.4 - https:\/\/yoast.com\/product\/yoast-seo-wordpress\/ -->\n<title>Produit cosm\u00e9tique professionnel pour institut | Lucia Rapetti Pro<\/title>\n<meta name=\"description\" content=\"Lucia Rapetti Pro, sp\u00e9cialiste du produit cosm\u00e9tique professionnel pour institut. Soins visage et corps performants, alliant science, nature et sensorialit\u00e9.\" \/>\n<meta name=\"robots\" content=\"index, follow, max-snippet:-1, max-image-preview:large, max-video-preview:-1\" \/>\n<link rel=\"canonical\" href=\"https:\/\/lucia-rapetti.pro\/de\/\" \/>\n<meta property=\"og:locale\" content=\"de_DE\" \/>\n<meta property=\"og:type\" content=\"article\" \/>\n<meta property=\"og:title\" content=\"Produit cosm\u00e9tique professionnel pour institut | Lucia Rapetti Pro\" \/>\n<meta property=\"og:description\" content=\"Lucia Rapetti Pro, sp\u00e9cialiste du produit cosm\u00e9tique professionnel pour institut. Soins visage et corps performants, alliant science, nature et sensorialit\u00e9.\" \/>\n<meta property=\"og:url\" content=\"https:\/\/lucia-rapetti.pro\/de\/\" \/>\n<meta property=\"og:site_name\" content=\"Lucia Rapetti Laboratoire Naturel\" \/>\n<meta property=\"article:publisher\" content=\"https:\/\/www.facebook.com\/luciarapettiofficial\" \/>\n<meta property=\"article:modified_time\" content=\"2026-04-23T07:44:31+00:00\" \/>\n<meta property=\"og:image\" content=\"https:\/\/lucia-rapetti.pro\/wp-content\/uploads\/2024\/03\/LR-sito-PG-vert3.jpg\" \/>\n\t<meta property=\"og:image:width\" content=\"1068\" \/>\n\t<meta property=\"og:image:height\" content=\"1300\" \/>\n\t<meta property=\"og:image:type\" content=\"image\/jpeg\" \/>\n<meta name=\"twitter:card\" content=\"summary_large_image\" \/>\n<meta name=\"twitter:label1\" content=\"Gesch\u00e4tzte Lesezeit\" \/>\n\t<meta name=\"twitter:data1\" content=\"10\u00a0Minuten\" \/>\n<script type=\"application\/ld+json\" class=\"yoast-schema-graph\">{\"@context\":\"https:\\\/\\\/schema.org\",\"@graph\":[{\"@type\":\"WebPage\",\"@id\":\"https:\\\/\\\/lucia-rapetti.pro\\\/\",\"url\":\"https:\\\/\\\/lucia-rapetti.pro\\\/\",\"name\":\"Produit cosm\u00e9tique professionnel pour institut | Lucia Rapetti Pro\",\"isPartOf\":{\"@id\":\"https:\\\/\\\/lucia-rapetti.pro\\\/#website\"},\"primaryImageOfPage\":{\"@id\":\"https:\\\/\\\/lucia-rapetti.pro\\\/#primaryimage\"},\"image\":{\"@id\":\"https:\\\/\\\/lucia-rapetti.pro\\\/#primaryimage\"},\"thumbnailUrl\":\"https:\\\/\\\/lucia-rapetti.pro\\\/wp-content\\\/uploads\\\/2024\\\/03\\\/LR-sito-PG-vert3.jpg\",\"datePublished\":\"2022-06-17T05:30:39+00:00\",\"dateModified\":\"2026-04-23T07:44:31+00:00\",\"description\":\"Lucia Rapetti Pro, sp\u00e9cialiste du produit cosm\u00e9tique professionnel pour institut. Soins visage et corps performants, alliant science, nature et sensorialit\u00e9.\",\"breadcrumb\":{\"@id\":\"https:\\\/\\\/lucia-rapetti.pro\\\/#breadcrumb\"},\"inLanguage\":\"de\",\"potentialAction\":[{\"@type\":\"ReadAction\",\"target\":[\"https:\\\/\\\/lucia-rapetti.pro\\\/\"]}]},{\"@type\":\"ImageObject\",\"inLanguage\":\"de\",\"@id\":\"https:\\\/\\\/lucia-rapetti.pro\\\/#primaryimage\",\"url\":\"https:\\\/\\\/lucia-rapetti.pro\\\/wp-content\\\/uploads\\\/2024\\\/03\\\/LR-sito-PG-vert3.jpg\",\"contentUrl\":\"https:\\\/\\\/lucia-rapetti.pro\\\/wp-content\\\/uploads\\\/2024\\\/03\\\/LR-sito-PG-vert3.jpg\"},{\"@type\":\"BreadcrumbList\",\"@id\":\"https:\\\/\\\/lucia-rapetti.pro\\\/#breadcrumb\",\"itemListElement\":[{\"@type\":\"ListItem\",\"position\":1,\"name\":\"Accueil\",\"item\":\"https:\\\/\\\/lucia-rapetti.pro\\\/\"},{\"@type\":\"ListItem\",\"position\":2,\"name\":\"Lucia Rapetti\"}]},{\"@type\":\"WebSite\",\"@id\":\"https:\\\/\\\/lucia-rapetti.pro\\\/#website\",\"url\":\"https:\\\/\\\/lucia-rapetti.pro\\\/\",\"name\":\"Lucia Rapetti Laboratoire Naturel pour professionnel\",\"description\":\"Laboratoire de cosm\u00e9tique naturel et beaut\u00e9 pour institut et professionnel\",\"publisher\":{\"@id\":\"https:\\\/\\\/lucia-rapetti.pro\\\/#organization\"},\"alternateName\":\"Lucia Rapetti Pro\",\"potentialAction\":[{\"@type\":\"SearchAction\",\"target\":{\"@type\":\"EntryPoint\",\"urlTemplate\":\"https:\\\/\\\/lucia-rapetti.pro\\\/?s={search_term_string}\"},\"query-input\":{\"@type\":\"PropertyValueSpecification\",\"valueRequired\":true,\"valueName\":\"search_term_string\"}}],\"inLanguage\":\"de\"},{\"@type\":\"Organization\",\"@id\":\"https:\\\/\\\/lucia-rapetti.pro\\\/#organization\",\"name\":\"Lucia Rapetti Laboratoire Naturel\",\"alternateName\":\"LR Pro\",\"url\":\"https:\\\/\\\/lucia-rapetti.pro\\\/\",\"logo\":{\"@type\":\"ImageObject\",\"inLanguage\":\"de\",\"@id\":\"https:\\\/\\\/lucia-rapetti.pro\\\/#\\\/schema\\\/logo\\\/image\\\/\",\"url\":\"https:\\\/\\\/lucia-rapetti.pro\\\/wp-content\\\/uploads\\\/2023\\\/04\\\/cropped-lucia-rapetti-logo-1.png\",\"contentUrl\":\"https:\\\/\\\/lucia-rapetti.pro\\\/wp-content\\\/uploads\\\/2023\\\/04\\\/cropped-lucia-rapetti-logo-1.png\",\"width\":850,\"height\":142,\"caption\":\"Lucia Rapetti Laboratoire Naturel\"},\"image\":{\"@id\":\"https:\\\/\\\/lucia-rapetti.pro\\\/#\\\/schema\\\/logo\\\/image\\\/\"},\"sameAs\":[\"https:\\\/\\\/www.facebook.com\\\/luciarapettiofficial\",\"https:\\\/\\\/www.instagram.com\\\/luciarapettiofficial\\\/\"]}]}<\/script>\n<!-- \/ Yoast SEO plugin. -->","yoast_head_json":{"title":"Professionelles Kosmetikprodukt f\u00fcr das Institut | Lucia Rapetti Pro","description":"Lucia Rapetti Pro, Spezialist f\u00fcr professionelle Kosmetikprodukte f\u00fcr Institute. Leistungsstarke Gesichts- und K\u00f6rperpflege, die Wissenschaft, Natur und Sinnlichkeit vereint.","robots":{"index":"index","follow":"follow","max-snippet":"max-snippet:-1","max-image-preview":"max-image-preview:large","max-video-preview":"max-video-preview:-1"},"canonical":"https:\/\/lucia-rapetti.pro\/de\/","og_locale":"de_DE","og_type":"article","og_title":"Produit cosm\u00e9tique professionnel pour institut | Lucia Rapetti Pro","og_description":"Lucia Rapetti Pro, sp\u00e9cialiste du produit cosm\u00e9tique professionnel pour institut. Soins visage et corps performants, alliant science, nature et sensorialit\u00e9.","og_url":"https:\/\/lucia-rapetti.pro\/de\/","og_site_name":"Lucia Rapetti Laboratoire Naturel","article_publisher":"https:\/\/www.facebook.com\/luciarapettiofficial","article_modified_time":"2026-04-23T07:44:31+00:00","og_image":[{"width":1068,"height":1300,"url":"https:\/\/lucia-rapetti.pro\/wp-content\/uploads\/2024\/03\/LR-sito-PG-vert3.jpg","type":"image\/jpeg"}],"twitter_card":"summary_large_image","twitter_misc":{"Gesch\u00e4tzte Lesezeit":"10\u00a0Minuten"},"schema":{"@context":"https:\/\/schema.org","@graph":[{"@type":"WebPage","@id":"https:\/\/lucia-rapetti.pro\/","url":"https:\/\/lucia-rapetti.pro\/","name":"Professionelles Kosmetikprodukt f\u00fcr das Institut | Lucia Rapetti Pro","isPartOf":{"@id":"https:\/\/lucia-rapetti.pro\/#website"},"primaryImageOfPage":{"@id":"https:\/\/lucia-rapetti.pro\/#primaryimage"},"image":{"@id":"https:\/\/lucia-rapetti.pro\/#primaryimage"},"thumbnailUrl":"https:\/\/lucia-rapetti.pro\/wp-content\/uploads\/2024\/03\/LR-sito-PG-vert3.jpg","datePublished":"2022-06-17T05:30:39+00:00","dateModified":"2026-04-23T07:44:31+00:00","description":"Lucia Rapetti Pro, Spezialist f\u00fcr professionelle Kosmetikprodukte f\u00fcr Institute. Leistungsstarke Gesichts- und K\u00f6rperpflege, die Wissenschaft, Natur und Sinnlichkeit vereint.","breadcrumb":{"@id":"https:\/\/lucia-rapetti.pro\/#breadcrumb"},"inLanguage":"de","potentialAction":[{"@type":"ReadAction","target":["https:\/\/lucia-rapetti.pro\/"]}]},{"@type":"ImageObject","inLanguage":"de","@id":"https:\/\/lucia-rapetti.pro\/#primaryimage","url":"https:\/\/lucia-rapetti.pro\/wp-content\/uploads\/2024\/03\/LR-sito-PG-vert3.jpg","contentUrl":"https:\/\/lucia-rapetti.pro\/wp-content\/uploads\/2024\/03\/LR-sito-PG-vert3.jpg"},{"@type":"BreadcrumbList","@id":"https:\/\/lucia-rapetti.pro\/#breadcrumb","itemListElement":[{"@type":"ListItem","position":1,"name":"Accueil","item":"https:\/\/lucia-rapetti.pro\/"},{"@type":"ListItem","position":2,"name":"Lucia Rapetti"}]},{"@type":"WebSite","@id":"https:\/\/lucia-rapetti.pro\/#website","url":"https:\/\/lucia-rapetti.pro\/","name":"Lucia Rapetti Natural Laboratory for Professionals","description":"Labor f\u00fcr Natur- und Sch\u00f6nheitskosmetik f\u00fcr Institute und Profis","publisher":{"@id":"https:\/\/lucia-rapetti.pro\/#organization"},"alternateName":"Lucia Rapetti Pro","potentialAction":[{"@type":"SearchAction","target":{"@type":"EntryPoint","urlTemplate":"https:\/\/lucia-rapetti.pro\/?s={search_term_string}"},"query-input":{"@type":"PropertyValueSpecification","valueRequired":true,"valueName":"search_term_string"}}],"inLanguage":"de"},{"@type":"Organization","@id":"https:\/\/lucia-rapetti.pro\/#organization","name":"Lucia Rapetti Natural Laboratory","alternateName":"LR Pro","url":"https:\/\/lucia-rapetti.pro\/","logo":{"@type":"ImageObject","inLanguage":"de","@id":"https:\/\/lucia-rapetti.pro\/#\/schema\/logo\/image\/","url":"https:\/\/lucia-rapetti.pro\/wp-content\/uploads\/2023\/04\/cropped-lucia-rapetti-logo-1.png","contentUrl":"https:\/\/lucia-rapetti.pro\/wp-content\/uploads\/2023\/04\/cropped-lucia-rapetti-logo-1.png","width":850,"height":142,"caption":"Lucia Rapetti Laboratoire Naturel"},"image":{"@id":"https:\/\/lucia-rapetti.pro\/#\/schema\/logo\/image\/"},"sameAs":["https:\/\/www.facebook.com\/luciarapettiofficial","https:\/\/www.instagram.com\/luciarapettiofficial\/"]}]}},"_links":{"self":[{"href":"https:\/\/lucia-rapetti.pro\/de\/wp-json\/wp\/v2\/pages\/18","targetHints":{"allow":["GET"]}}],"collection":[{"href":"https:\/\/lucia-rapetti.pro\/de\/wp-json\/wp\/v2\/pages"}],"about":[{"href":"https:\/\/lucia-rapetti.pro\/de\/wp-json\/wp\/v2\/types\/page"}],"author":[{"embeddable":true,"href":"https:\/\/lucia-rapetti.pro\/de\/wp-json\/wp\/v2\/users\/1"}],"replies":[{"embeddable":true,"href":"https:\/\/lucia-rapetti.pro\/de\/wp-json\/wp\/v2\/comments?post=18"}],"version-history":[{"count":543,"href":"https:\/\/lucia-rapetti.pro\/de\/wp-json\/wp\/v2\/pages\/18\/revisions"}],"predecessor-version":[{"id":7418,"href":"https:\/\/lucia-rapetti.pro\/de\/wp-json\/wp\/v2\/pages\/18\/revisions\/7418"}],"wp:attachment":[{"href":"https:\/\/lucia-rapetti.pro\/de\/wp-json\/wp\/v2\/media?parent=18"}],"curies":[{"name":"wp","href":"https:\/\/api.w.org\/{rel}","templated":true}]}}